{"id":154,"date":"2017-01-12T09:36:19","date_gmt":"2017-01-12T09:36:19","guid":{"rendered":"https:\/\/www.masdeudesign.com\/?page_id=154"},"modified":"2023-12-01T18:07:54","modified_gmt":"2023-12-01T17:07:54","slug":"estudi","status":"publish","type":"page","link":"https:\/\/www.masdeudesign.com\/es\/estudi\/","title":{"rendered":"Estudio"},"content":{"rendered":"<p><img decoding=\"async\" class=\"alignnone size-full wp-image-320\" src=\"https:\/\/i1.wp.com\/masdeudesign.com\/wordpress\/wp-content\/uploads\/2017\/01\/about-heade-v2.jpg?resize=580%2C136\" srcset=\"https:\/\/i1.wp.com\/masdeudesign.com\/wordpress\/wp-content\/uploads\/2017\/01\/about-heade-v2.jpg?w=1200 1200w, https:\/\/i1.wp.com\/masdeudesign.com\/wordpress\/wp-content\/uploads\/2017\/01\/about-heade-v2.jpg?resize=w=1200 800w, https:\/\/i1.wp.com\/masdeudesign.com\/wordpress\/wp-content\/uploads\/2017\/01\/about-heade-v2.jpg?resize=w=1200 768w\" alt=\"about-header\" \/><\/p>\n<p class=\"intro\">\u201cNos encanta ver vuestras caras de satisfacci\u00f3n cuando veis el resultado final. Es entonces cuando sabemos que hemos hecho un buen trabajo!\u201d<\/p>\n<p class=\"p-estudi\" style=\"text-align: justify;\">En el estudio vivimos cada uno de nuestros proyectos con mucha pasi\u00f3n e implicaci\u00f3n y nos los hacemos nuestros desde el primer momento. Cuidamos todos los detalles, por peque\u00f1os que parezcan, dando una atenci\u00f3n muy personalizada para que os sint\u00e1is acompa\u00f1ados en todo momento. Os ayudamos a sacar provecho del espacio, aportando soluciones ingeniosas y llenas de creatividad que mejoran cualquier espacio, sea comercial o particular. Sabemos ver los puntos fuertes de cada vivienda o local, a pesar de que algunos puedan parecer desafortunados, y los llevamos al extremo para potenciarlos al m\u00e1ximo, intentando crear espacios limpios, puros y atemporales, huyendo de las modas pasajeras y con fecha de caducidad.<br \/>\nNos gusta crear una identidad propia para tu negocio, que lo har\u00e1 ser \u00fanico y distinto al resto de la competencia, aportando nuestro sello personal pero teniendo siempre muy presente vuestras necesidades e inquietudes. En viviendas particulares nos encanta ayudaros y hacer que vuestro d\u00eda a d\u00eda sea m\u00e1s f\u00e1cil, pr\u00e1ctico y funcional y que en definitiva disfrut\u00e9is de la casa que siempre hab\u00e9is so\u00f1ado.<br \/>\nNos encargamos de todo el proceso, desde el inicio hasta el final, para conseguir que cualquier proyecto sea un \u00e9xito asegurado y que disfrut\u00e9is de todo el proceso tanto como lo hacemos nosotras. Pero por encima de todo, nos encanta ver vuestras caras de satisfacci\u00f3n cuando veis el resultado final. Es entonces cuando sabemos que hemos hecho un buen trabajo!<\/p>\n<p><div class=\"divider\"><\/div><br \/>\n<div class=\"four-columns-one\"><\/div><div class=\"four-columns-one\"><img loading=\"lazy\" decoding=\"async\" data-attachment-id=\"424\" data-permalink=\"https:\/\/www.masdeudesign.com\/es\/estudi\/about-46\/\" data-orig-file=\"https:\/\/www.masdeudesign.com\/wp-content\/uploads\/2017\/01\/ABOUT-46.jpg\" data-orig-size=\"3840,5760\" data-comments-opened=\"0\" data-image-meta=\"{&quot;aperture&quot;:&quot;0&quot;,&quot;credit&quot;:&quot;&quot;,&quot;camera&quot;:&quot;&quot;,&quot;caption&quot;:&quot;&quot;,&quot;created_timestamp&quot;:&quot;0&quot;,&quot;copyright&quot;:&quot;(c) Lara L\\u00f3pez&quot;,&quot;focal_length&quot;:&quot;0&quot;,&quot;iso&quot;:&quot;0&quot;,&quot;shutter_speed&quot;:&quot;0&quot;,&quot;title&quot;:&quot;&quot;,&quot;orientation&quot;:&quot;1&quot;}\" data-image-title=\"ABOUT-46\" data-image-description=\"\" data-image-caption=\"\" data-large-file=\"https:\/\/www.masdeudesign.com\/wp-content\/uploads\/2017\/01\/ABOUT-46-2400x3600.jpg\" class=\"alignleft wp-image-424 size-large\" src=\"https:\/\/www.masdeudesign.com\/wp-content\/uploads\/2017\/01\/ABOUT-46-2400x3600.jpg\" alt=\"Mireia Masdeu\" width=\"580\" height=\"870\" srcset=\"https:\/\/www.masdeudesign.com\/wp-content\/uploads\/2017\/01\/ABOUT-46-2400x3600.jpg 2400w, https:\/\/www.masdeudesign.com\/wp-content\/uploads\/2017\/01\/ABOUT-46-400x600.jpg 400w, https:\/\/www.masdeudesign.com\/wp-content\/uploads\/2017\/01\/ABOUT-46-768x1152.jpg 768w\" sizes=\"auto, (max-width: 580px) 100vw, 580px\" \/><\/p>\n<h2 style=\"text-align: left;\">MIREIA MASDEU<\/h2>\n<p class=\"p-estudi\" style=\"text-align: justify;\">Graduado Superior en Dise\u00f1o de interiores por Eina, Escuela Superior de Dise\u00f1o y Arte (1.999.-2.002), Paralelamente compagino estudios con pr\u00e1cticas profesionales en el estudio de interiorismo Santiago Nin y tras finalizar los estudios me incorporo durante 4 a\u00f1os en Fernando Salas Studio, llevando a cabo la direcci\u00f3n de proyectos de gran envergadura y como coordinadora de todo el grupo de trabajo del estudio. En los \u00faltimos a\u00f1os, gestiono y coordino los proyectos de interiorismo realizados conjuntamente con el estudio Mariscal. En 2.006 creo estudio de dise\u00f1o propio, OAK creative design, que posteriormente pasar\u00e1 a llamarse mireiamasdeustudio.<br \/>\nA partir de 2.013 ampliamos servicios y creamos paralelamente el estudio VidalMasdeu, junto con Sandra Vidal, para dar cobertura a proyectos de mayor envergadura tanto nacionales como internacionales. <a href=\"http:\/\/www.vidalmasdeu.com\" target=\"_blank\" rel=\"noopener\">www.vidalmasdeu.com<\/a><\/p>\n<\/div><div class=\"four-columns-one\"><img loading=\"lazy\" decoding=\"async\" data-attachment-id=\"1210\" data-permalink=\"https:\/\/www.masdeudesign.com\/es\/foto-web-alba-alaminos\/\" data-orig-file=\"https:\/\/www.masdeudesign.com\/wp-content\/uploads\/2019\/06\/Foto-web-Alba-Alaminos.jpg\" data-orig-size=\"580,870\" data-comments-opened=\"0\" data-image-meta=\"{&quot;aperture&quot;:&quot;0&quot;,&quot;credit&quot;:&quot;&quot;,&quot;camera&quot;:&quot;&quot;,&quot;caption&quot;:&quot;&quot;,&quot;created_timestamp&quot;:&quot;0&quot;,&quot;copyright&quot;:&quot;&quot;,&quot;focal_length&quot;:&quot;0&quot;,&quot;iso&quot;:&quot;0&quot;,&quot;shutter_speed&quot;:&quot;0&quot;,&quot;title&quot;:&quot;&quot;,&quot;orientation&quot;:&quot;1&quot;}\" data-image-title=\"Foto web-Alba Alaminos\" data-image-description=\"\" data-image-caption=\"\" data-large-file=\"https:\/\/www.masdeudesign.com\/wp-content\/uploads\/2019\/06\/Foto-web-Alba-Alaminos.jpg\" class=\"alignnone wp-image-1210 size-full\" src=\"https:\/\/www.masdeudesign.com\/wp-content\/uploads\/2019\/06\/Foto-web-Alba-Alaminos.jpg\" alt=\"\" width=\"580\" height=\"870\" srcset=\"https:\/\/www.masdeudesign.com\/wp-content\/uploads\/2019\/06\/Foto-web-Alba-Alaminos.jpg 580w, https:\/\/www.masdeudesign.com\/wp-content\/uploads\/2019\/06\/Foto-web-Alba-Alaminos-400x600.jpg 400w\" sizes=\"auto, (max-width: 580px) 100vw, 580px\" \/><\/p>\n<h2 style=\"text-align: left;\">ALBA ALAMINOS<\/h2>\n<p class=\"p-estudi\" style=\"text-align: justify;\">Graduado Superior en Dise\u00f1o de Interiores por la Escuela Superior de Dise\u00f1o ESDI &#8211; URL (2014-2017) y CFGS T\u00e9cnico en desarrollo de proyectos de construcci\u00f3n por la<br \/>\nEscuela Castellarnau de Sabadell (2011-2013).<br \/>\nDesde septiembre del 2012 hasta febrero del 2013, realiza pr\u00e1cticas profesionales en el estudio VAM Arquitectos. Una vez finalizados los estudios universitarios de dise\u00f1o en ESDI, en junio de 2018 se incorpora como profesional al estudio.<br \/>\nA parte de colaborar en el proceso creativo de los proyectos de dise\u00f1o, es la encargada de la renderizaci\u00f3n y la creaci\u00f3n de im\u00e1genes en 3D, as\u00ed como de realizar la redacci\u00f3n ejecutiva de todos los proyectos del estudio.<\/p>\n<\/div><div class=\"four-columns-one last\"><\/div><br \/>\n<div class=\"divider\"><\/div><\/p>\n<h5 style=\"text-align: left;\">SERVICIOS:<\/h5>\n<div id=\"attachment_478\" style=\"width: 610px\" class=\"wp-caption alignleft caption-style\"><a href=\"\/es\/project-type\/comercial\/\"><img loading=\"lazy\" decoding=\"async\" aria-describedby=\"caption-attachment-478\" data-attachment-id=\"478\" data-permalink=\"https:\/\/www.masdeudesign.com\/es\/estudi\/comercial\/\" data-orig-file=\"https:\/\/www.masdeudesign.com\/wp-content\/uploads\/2017\/01\/comercial.jpg\" data-orig-size=\"3108,3108\" data-comments-opened=\"0\" data-image-meta=\"{&quot;aperture&quot;:&quot;16&quot;,&quot;credit&quot;:&quot;Mauricio Fuertes&quot;,&quot;camera&quot;:&quot;Hasselblad H3DII-39&quot;,&quot;caption&quot;:&quot;&quot;,&quot;created_timestamp&quot;:&quot;1302998400&quot;,&quot;copyright&quot;:&quot;&quot;,&quot;focal_length&quot;:&quot;80&quot;,&quot;iso&quot;:&quot;50&quot;,&quot;shutter_speed&quot;:&quot;0.5&quot;,&quot;title&quot;:&quot;&quot;,&quot;orientation&quot;:&quot;1&quot;}\" data-image-title=\"comercial\" data-image-description=\"\" data-image-caption=\"\" data-large-file=\"https:\/\/www.masdeudesign.com\/wp-content\/uploads\/2017\/01\/comercial.jpg\" class=\"wp-image-478 size-medium\" src=\"\/wp-content\/uploads\/2017\/01\/comercial-600x600.jpg\" alt=\"Comercial\" width=\"600\" height=\"600\" srcset=\"https:\/\/www.masdeudesign.com\/wp-content\/uploads\/2017\/01\/comercial-600x600.jpg 600w, https:\/\/www.masdeudesign.com\/wp-content\/uploads\/2017\/01\/comercial-300x300.jpg 300w, https:\/\/www.masdeudesign.com\/wp-content\/uploads\/2017\/01\/comercial-768x768.jpg 768w, https:\/\/www.masdeudesign.com\/wp-content\/uploads\/2017\/01\/comercial-50x50.jpg 50w\" sizes=\"auto, (max-width: 600px) 100vw, 600px\" \/><\/a><p id=\"caption-attachment-478\" class=\"wp-caption-text\">Comercial<\/p><\/div>\n<div id=\"attachment_480\" style=\"width: 2198px\" class=\"wp-caption alignleft caption-style\"><a href=\"\/es\/project-type\/residencial_\/\"><img loading=\"lazy\" decoding=\"async\" aria-describedby=\"caption-attachment-480\" class=\"alignnone size-full wp-image-480\" src=\"\/wp-content\/uploads\/2017\/03\/Imatge-residencial-web.jpg\" alt=\"Residencial\" width=\"2188\" height=\"2188\" \/><\/a><p id=\"caption-attachment-480\" class=\"wp-caption-text\">Residencial<\/p><\/div>\n<div id=\"attachment_481\" style=\"width: 610px\" class=\"wp-caption alignleft caption-style\"><a href=\"\/es\/project-type\/restauracio\/\"><img loading=\"lazy\" decoding=\"async\" aria-describedby=\"caption-attachment-481\" data-attachment-id=\"481\" data-permalink=\"https:\/\/www.masdeudesign.com\/es\/estudi\/restauracio\/\" data-orig-file=\"https:\/\/www.masdeudesign.com\/wp-content\/uploads\/2017\/01\/restauracio.jpg\" data-orig-size=\"3744,3744\" data-comments-opened=\"0\" data-image-meta=\"{&quot;aperture&quot;:&quot;13&quot;,&quot;credit&quot;:&quot;&quot;,&quot;camera&quot;:&quot;Canon EOS 5D Mark II&quot;,&quot;caption&quot;:&quot;&quot;,&quot;created_timestamp&quot;:&quot;1305457298&quot;,&quot;copyright&quot;:&quot;&quot;,&quot;focal_length&quot;:&quot;24&quot;,&quot;iso&quot;:&quot;100&quot;,&quot;shutter_speed&quot;:&quot;0.25&quot;,&quot;title&quot;:&quot;&quot;,&quot;orientation&quot;:&quot;1&quot;}\" data-image-title=\"restauracio\" data-image-description=\"\" data-image-caption=\"\" data-large-file=\"https:\/\/www.masdeudesign.com\/wp-content\/uploads\/2017\/01\/restauracio-3600x3600.jpg\" class=\"wp-image-481 size-medium\" src=\"\/wp-content\/uploads\/2017\/01\/restauracio-600x600.jpg\" alt=\"Restauraci\u00f3n\" width=\"600\" height=\"600\" srcset=\"https:\/\/www.masdeudesign.com\/wp-content\/uploads\/2017\/01\/restauracio-600x600.jpg 600w, https:\/\/www.masdeudesign.com\/wp-content\/uploads\/2017\/01\/restauracio-300x300.jpg 300w, https:\/\/www.masdeudesign.com\/wp-content\/uploads\/2017\/01\/restauracio-768x768.jpg 768w, https:\/\/www.masdeudesign.com\/wp-content\/uploads\/2017\/01\/restauracio-50x50.jpg 50w\" sizes=\"auto, (max-width: 600px) 100vw, 600px\" \/><\/a><p id=\"caption-attachment-481\" class=\"wp-caption-text\">Restauraci\u00f3n<\/p><\/div>\n<div id=\"attachment_790\" style=\"width: 610px\" class=\"wp-caption alignleft caption-style\"><a href=\"\/es\/project-type\/oficines\/\"><img loading=\"lazy\" decoding=\"async\" aria-describedby=\"caption-attachment-790\" data-attachment-id=\"790\" data-permalink=\"https:\/\/www.masdeudesign.com\/es\/estudi\/imatge-oficines-web\/\" data-orig-file=\"https:\/\/www.masdeudesign.com\/wp-content\/uploads\/2017\/01\/Imatge-oficines-web.jpg\" data-orig-size=\"600,600\" data-comments-opened=\"0\" data-image-meta=\"{&quot;aperture&quot;:&quot;0&quot;,&quot;credit&quot;:&quot;&quot;,&quot;camera&quot;:&quot;&quot;,&quot;caption&quot;:&quot;&quot;,&quot;created_timestamp&quot;:&quot;0&quot;,&quot;copyright&quot;:&quot;&quot;,&quot;focal_length&quot;:&quot;0&quot;,&quot;iso&quot;:&quot;0&quot;,&quot;shutter_speed&quot;:&quot;0&quot;,&quot;title&quot;:&quot;&quot;,&quot;orientation&quot;:&quot;0&quot;}\" data-image-title=\"Imatge-oficines-web\" data-image-description=\"\" data-image-caption=\"\" data-large-file=\"https:\/\/www.masdeudesign.com\/wp-content\/uploads\/2017\/01\/Imatge-oficines-web.jpg\" class=\"wp-image-790 size-full\" src=\"\/wp-content\/uploads\/2017\/01\/Imatge-oficines-web.jpg\" alt=\"\" width=\"600\" height=\"600\" srcset=\"https:\/\/www.masdeudesign.com\/wp-content\/uploads\/2017\/01\/Imatge-oficines-web.jpg 600w, https:\/\/www.masdeudesign.com\/wp-content\/uploads\/2017\/01\/Imatge-oficines-web-300x300.jpg 300w, https:\/\/www.masdeudesign.com\/wp-content\/uploads\/2017\/01\/Imatge-oficines-web-50x50.jpg 50w\" sizes=\"auto, (max-width: 600px) 100vw, 600px\" \/><\/a><p id=\"caption-attachment-790\" class=\"wp-caption-text\">Oficinas<\/p><\/div>\n<p><div id=\"attachment_728\" style=\"width: 610px\" class=\"wp-caption alignleft caption-last\"><a href=\"\/ca\/project-type\/altres\/\"><img loading=\"lazy\" decoding=\"async\" aria-describedby=\"caption-attachment-728\" data-attachment-id=\"728\" data-permalink=\"https:\/\/www.masdeudesign.com\/es\/imatge-altres-web\/\" data-orig-file=\"https:\/\/www.masdeudesign.com\/wp-content\/uploads\/2017\/02\/Imatge-ALTRES-web.jpg\" data-orig-size=\"600,600\" data-comments-opened=\"0\" data-image-meta=\"{&quot;aperture&quot;:&quot;0&quot;,&quot;credit&quot;:&quot;&quot;,&quot;camera&quot;:&quot;&quot;,&quot;caption&quot;:&quot;&quot;,&quot;created_timestamp&quot;:&quot;0&quot;,&quot;copyright&quot;:&quot;&quot;,&quot;focal_length&quot;:&quot;0&quot;,&quot;iso&quot;:&quot;0&quot;,&quot;shutter_speed&quot;:&quot;0&quot;,&quot;title&quot;:&quot;&quot;,&quot;orientation&quot;:&quot;0&quot;}\" data-image-title=\"Imatge-ALTRES-web\" data-image-description=\"\" data-image-caption=\"\" data-large-file=\"https:\/\/www.masdeudesign.com\/wp-content\/uploads\/2017\/02\/Imatge-ALTRES-web.jpg\" class=\"wp-image-728 size-full\" src=\"\/wp-content\/uploads\/2017\/02\/Imatge-ALTRES-web.jpg\" alt=\"\" width=\"600\" height=\"600\" srcset=\"https:\/\/www.masdeudesign.com\/wp-content\/uploads\/2017\/02\/Imatge-ALTRES-web.jpg 600w, https:\/\/www.masdeudesign.com\/wp-content\/uploads\/2017\/02\/Imatge-ALTRES-web-300x300.jpg 300w, https:\/\/www.masdeudesign.com\/wp-content\/uploads\/2017\/02\/Imatge-ALTRES-web-50x50.jpg 50w\" sizes=\"auto, (max-width: 600px) 100vw, 600px\" \/><\/a><p id=\"caption-attachment-728\" class=\"wp-caption-text\">Otros<\/p><\/div><\/p>","protected":false},"excerpt":{"rendered":"<p>\u201cNos encanta ver vuestras caras de satisfacci\u00f3n cuando veis el resultado final. Es entonces cuando sabemos que hemos hecho un buen trabajo!\u201d En el estudio vivimos cada uno de nuestros proyectos con mucha pasi\u00f3n e implicaci\u00f3n y nos los hacemos nuestros desde el primer momento. Cuidamos todos los detalles, por peque\u00f1os que parezcan, dando una [&hellip;]<\/p>\n","protected":false},"author":1,"featured_media":0,"parent":0,"menu_order":1,"comment_status":"closed","ping_status":"closed","template":"","meta":{"footnotes":""},"class_list":["post-154","page","type-page","status-publish","hentry"],"jetpack_sharing_enabled":true,"_links":{"self":[{"href":"https:\/\/www.masdeudesign.com\/es\/wp-json\/wp\/v2\/pages\/154","targetHints":{"allow":["GET"]}}],"collection":[{"href":"https:\/\/www.masdeudesign.com\/es\/wp-json\/wp\/v2\/pages"}],"about":[{"href":"https:\/\/www.masdeudesign.com\/es\/wp-json\/wp\/v2\/types\/page"}],"author":[{"embeddable":true,"href":"https:\/\/www.masdeudesign.com\/es\/wp-json\/wp\/v2\/users\/1"}],"replies":[{"embeddable":true,"href":"https:\/\/www.masdeudesign.com\/es\/wp-json\/wp\/v2\/comments?post=154"}],"version-history":[{"count":115,"href":"https:\/\/www.masdeudesign.com\/es\/wp-json\/wp\/v2\/pages\/154\/revisions"}],"predecessor-version":[{"id":1626,"href":"https:\/\/www.masdeudesign.com\/es\/wp-json\/wp\/v2\/pages\/154\/revisions\/1626"}],"wp:attachment":[{"href":"https:\/\/www.masdeudesign.com\/es\/wp-json\/wp\/v2\/media?parent=154"}],"curies":[{"name":"wp","href":"https:\/\/api.w.org\/{rel}","templated":true}]}}