{"id":953,"date":"2018-09-05T17:53:06","date_gmt":"2018-09-05T15:53:06","guid":{"rendered":"http:\/\/masdeudesign.com\/?post_type=jetpack-portfolio&#038;p=953"},"modified":"2023-12-01T18:25:21","modified_gmt":"2023-12-01T17:25:21","slug":"sabateria-alvarez","status":"publish","type":"jetpack-portfolio","link":"https:\/\/www.masdeudesign.com\/es\/portfolio\/sabateria-alvarez\/","title":{"rendered":"Zapater\u00eda \u00c1lvarez"},"content":{"rendered":"<p><\/p>\n<div class=\"wide-content\" style=\"text-align: left;\">\n<p><img loading=\"lazy\" decoding=\"async\" data-attachment-id=\"1041\" data-permalink=\"https:\/\/www.masdeudesign.com\/es\/portfolio\/sabateria-alvarez\/project-alvarez-1\/\" data-orig-file=\"https:\/\/www.masdeudesign.com\/wp-content\/uploads\/2018\/04\/Project-ALVAREZ-1.jpg\" data-orig-size=\"1800,1200\" data-comments-opened=\"0\" data-image-meta=\"{&quot;aperture&quot;:&quot;0&quot;,&quot;credit&quot;:&quot;&quot;,&quot;camera&quot;:&quot;&quot;,&quot;caption&quot;:&quot;&quot;,&quot;created_timestamp&quot;:&quot;0&quot;,&quot;copyright&quot;:&quot;\\u00a9Tom\\u00e1sMontes&quot;,&quot;focal_length&quot;:&quot;0&quot;,&quot;iso&quot;:&quot;0&quot;,&quot;shutter_speed&quot;:&quot;0&quot;,&quot;title&quot;:&quot;&quot;,&quot;orientation&quot;:&quot;0&quot;}\" data-image-title=\"Project ALVAREZ (1)\" data-image-description=\"\" data-image-caption=\"\" data-large-file=\"https:\/\/www.masdeudesign.com\/wp-content\/uploads\/2018\/04\/Project-ALVAREZ-1.jpg\" class=\"alignleft wp-image-1041 size-full\" src=\"https:\/\/www.masdeudesign.com\/wp-content\/uploads\/2018\/04\/Project-ALVAREZ-1.jpg\" alt=\"Project ALVAREZ (1)\" width=\"1800\" height=\"1200\" srcset=\"https:\/\/www.masdeudesign.com\/wp-content\/uploads\/2018\/04\/Project-ALVAREZ-1.jpg 1800w, https:\/\/www.masdeudesign.com\/wp-content\/uploads\/2018\/04\/Project-ALVAREZ-1-600x400.jpg 600w, https:\/\/www.masdeudesign.com\/wp-content\/uploads\/2018\/04\/Project-ALVAREZ-1-768x512.jpg 768w\" sizes=\"auto, (max-width: 1800px) 100vw, 1800px\" \/><\/p>\n<p style=\"text-align: justify;\">\nCliente | <strong>Sabateria \u00c1lvarez<\/strong><br \/>\nSuperficie | <strong>250<\/strong><strong>m\u00b2<\/strong><br \/>\nA\u00f1o | <strong>2017<\/strong><br \/>\nCiudad | <strong>Rambla de Catalunya, 96 Barcelona<\/strong><br \/>\nFot\u00f3grafo |\u00a0<strong>Tom\u00e1s Montes<\/strong><\/p>\n<p style=\"text-align: justify;\">La nueva zapater\u00eda \u00c1lvarez de la Rambla Catalu\u00f1a, deb\u00eda ser mucho m\u00e1s actual, pero manteniendo la esencia de la marca, aprovechando parte del mobiliario de madera del antiguo local. El local presentaba muchos desniveles y para evitar escalones y mejorar la accesibilidad, se nivel\u00f3 el espacio con rampas y espacios planos de exposici\u00f3n. La zona de la entrada y el antiguo escaparate se dej\u00f3 abierta para invitar a entrar a la gente que paseaba por la calle. Para integrar los muebles antiguos en la nueva tienda, se hizo una caja neutra y se escogieron cuidadosamente los materiales. El pavimento fue una solera blanca de hormig\u00f3n y en las paredes se coloc\u00f3 un papel de pared blanco con molduras, que recordaba el techo de la antigua tienda y a las t\u00edpicas casas del ensanche. Para dar ligereza, se introdujo mimbre y luz inferior a las estanter\u00edas suspendidas y para aportar color se colgaron kokedamas y se cre\u00f3 un patio ingl\u00e9s ajardinado.<\/p>\n<p>&nbsp;<\/p>\n<div data-carousel-extra='{&quot;blog_id&quot;:1,&quot;permalink&quot;:&quot;https:\/\/www.masdeudesign.com\/es\/portfolio\/sabateria-alvarez\/&quot;}' id='gallery-4' class='gallery galleryid-953 gallery-columns-4 gallery-size-thumbnail'><dl class='gallery-item'>\n\t\t\t<dt class='gallery-icon portrait'>\n\t\t\t\t<img loading=\"lazy\" decoding=\"async\" width=\"300\" height=\"300\" src=\"https:\/\/www.masdeudesign.com\/wp-content\/uploads\/2018\/04\/Projecte-ALVAREZ-11-300x300.jpg\" class=\"attachment-thumbnail size-thumbnail\" alt=\"\" srcset=\"https:\/\/www.masdeudesign.com\/wp-content\/uploads\/2018\/04\/Projecte-ALVAREZ-11-300x300.jpg 300w, https:\/\/www.masdeudesign.com\/wp-content\/uploads\/2018\/04\/Projecte-ALVAREZ-11-50x50.jpg 50w\" sizes=\"auto, (max-width: 300px) 100vw, 300px\" data-attachment-id=\"1038\" data-permalink=\"https:\/\/www.masdeudesign.com\/es\/portfolio\/sabateria-alvarez\/projecte-alvarez-11\/\" data-orig-file=\"https:\/\/www.masdeudesign.com\/wp-content\/uploads\/2018\/04\/Projecte-ALVAREZ-11.jpg\" data-orig-size=\"1199,1800\" data-comments-opened=\"0\" data-image-meta=\"{&quot;aperture&quot;:&quot;0&quot;,&quot;credit&quot;:&quot;&quot;,&quot;camera&quot;:&quot;&quot;,&quot;caption&quot;:&quot;&quot;,&quot;created_timestamp&quot;:&quot;0&quot;,&quot;copyright&quot;:&quot;\\u00a9Tom\\u00e1sMontes&quot;,&quot;focal_length&quot;:&quot;0&quot;,&quot;iso&quot;:&quot;0&quot;,&quot;shutter_speed&quot;:&quot;0&quot;,&quot;title&quot;:&quot;&quot;,&quot;orientation&quot;:&quot;0&quot;}\" data-image-title=\"Projecte ALVAREZ (11)\" data-image-description=\"\" data-image-caption=\"\" data-large-file=\"https:\/\/www.masdeudesign.com\/wp-content\/uploads\/2018\/04\/Projecte-ALVAREZ-11.jpg\" \/>\n\t\t\t<\/dt><\/dl><dl class='gallery-item'>\n\t\t\t<dt class='gallery-icon landscape'>\n\t\t\t\t<img loading=\"lazy\" decoding=\"async\" width=\"300\" height=\"300\" src=\"https:\/\/www.masdeudesign.com\/wp-content\/uploads\/2018\/04\/Projecte-ALVAREZ-12-300x300.jpg\" class=\"attachment-thumbnail size-thumbnail\" alt=\"\" srcset=\"https:\/\/www.masdeudesign.com\/wp-content\/uploads\/2018\/04\/Projecte-ALVAREZ-12-300x300.jpg 300w, https:\/\/www.masdeudesign.com\/wp-content\/uploads\/2018\/04\/Projecte-ALVAREZ-12-50x50.jpg 50w\" sizes=\"auto, (max-width: 300px) 100vw, 300px\" data-attachment-id=\"1042\" data-permalink=\"https:\/\/www.masdeudesign.com\/es\/portfolio\/sabateria-alvarez\/projecte-alvarez-12\/\" data-orig-file=\"https:\/\/www.masdeudesign.com\/wp-content\/uploads\/2018\/04\/Projecte-ALVAREZ-12.jpg\" data-orig-size=\"1800,1200\" data-comments-opened=\"0\" data-image-meta=\"{&quot;aperture&quot;:&quot;0&quot;,&quot;credit&quot;:&quot;&quot;,&quot;camera&quot;:&quot;&quot;,&quot;caption&quot;:&quot;&quot;,&quot;created_timestamp&quot;:&quot;0&quot;,&quot;copyright&quot;:&quot;\\u00a9Tom\\u00e1sMontes&quot;,&quot;focal_length&quot;:&quot;0&quot;,&quot;iso&quot;:&quot;0&quot;,&quot;shutter_speed&quot;:&quot;0&quot;,&quot;title&quot;:&quot;&quot;,&quot;orientation&quot;:&quot;0&quot;}\" data-image-title=\"Projecte ALVAREZ (12)\" data-image-description=\"\" data-image-caption=\"\" data-large-file=\"https:\/\/www.masdeudesign.com\/wp-content\/uploads\/2018\/04\/Projecte-ALVAREZ-12.jpg\" \/>\n\t\t\t<\/dt><\/dl><dl class='gallery-item'>\n\t\t\t<dt class='gallery-icon portrait'>\n\t\t\t\t<img loading=\"lazy\" decoding=\"async\" width=\"300\" height=\"300\" src=\"https:\/\/www.masdeudesign.com\/wp-content\/uploads\/2018\/04\/Projecte-ALVAREZ-3-300x300.jpg\" class=\"attachment-thumbnail size-thumbnail\" alt=\"\" srcset=\"https:\/\/www.masdeudesign.com\/wp-content\/uploads\/2018\/04\/Projecte-ALVAREZ-3-300x300.jpg 300w, https:\/\/www.masdeudesign.com\/wp-content\/uploads\/2018\/04\/Projecte-ALVAREZ-3-50x50.jpg 50w\" sizes=\"auto, (max-width: 300px) 100vw, 300px\" data-attachment-id=\"1030\" data-permalink=\"https:\/\/www.masdeudesign.com\/es\/portfolio\/sabateria-alvarez\/projecte-alvarez-3\/\" data-orig-file=\"https:\/\/www.masdeudesign.com\/wp-content\/uploads\/2018\/04\/Projecte-ALVAREZ-3.jpg\" data-orig-size=\"1200,1800\" data-comments-opened=\"0\" data-image-meta=\"{&quot;aperture&quot;:&quot;0&quot;,&quot;credit&quot;:&quot;&quot;,&quot;camera&quot;:&quot;&quot;,&quot;caption&quot;:&quot;&quot;,&quot;created_timestamp&quot;:&quot;0&quot;,&quot;copyright&quot;:&quot;\\u00a9Tom\\u00e1sMontes&quot;,&quot;focal_length&quot;:&quot;0&quot;,&quot;iso&quot;:&quot;0&quot;,&quot;shutter_speed&quot;:&quot;0&quot;,&quot;title&quot;:&quot;&quot;,&quot;orientation&quot;:&quot;0&quot;}\" data-image-title=\"Projecte ALVAREZ (3)\" data-image-description=\"\" data-image-caption=\"\" data-large-file=\"https:\/\/www.masdeudesign.com\/wp-content\/uploads\/2018\/04\/Projecte-ALVAREZ-3.jpg\" \/>\n\t\t\t<\/dt><\/dl><dl class='gallery-item'>\n\t\t\t<dt class='gallery-icon landscape'>\n\t\t\t\t<img loading=\"lazy\" decoding=\"async\" width=\"300\" height=\"300\" src=\"https:\/\/www.masdeudesign.com\/wp-content\/uploads\/2018\/04\/Projecte-ALVAREZ-2-300x300.jpg\" class=\"attachment-thumbnail size-thumbnail\" alt=\"\" srcset=\"https:\/\/www.masdeudesign.com\/wp-content\/uploads\/2018\/04\/Projecte-ALVAREZ-2-300x300.jpg 300w, https:\/\/www.masdeudesign.com\/wp-content\/uploads\/2018\/04\/Projecte-ALVAREZ-2-50x50.jpg 50w\" sizes=\"auto, (max-width: 300px) 100vw, 300px\" data-attachment-id=\"1029\" data-permalink=\"https:\/\/www.masdeudesign.com\/es\/portfolio\/sabateria-alvarez\/projecte-alvarez-2\/\" data-orig-file=\"https:\/\/www.masdeudesign.com\/wp-content\/uploads\/2018\/04\/Projecte-ALVAREZ-2.jpg\" data-orig-size=\"1800,1200\" data-comments-opened=\"0\" data-image-meta=\"{&quot;aperture&quot;:&quot;0&quot;,&quot;credit&quot;:&quot;&quot;,&quot;camera&quot;:&quot;&quot;,&quot;caption&quot;:&quot;&quot;,&quot;created_timestamp&quot;:&quot;0&quot;,&quot;copyright&quot;:&quot;\\u00a9Tom\\u00e1sMontes&quot;,&quot;focal_length&quot;:&quot;0&quot;,&quot;iso&quot;:&quot;0&quot;,&quot;shutter_speed&quot;:&quot;0&quot;,&quot;title&quot;:&quot;&quot;,&quot;orientation&quot;:&quot;0&quot;}\" data-image-title=\"Projecte ALVAREZ (2)\" data-image-description=\"\" data-image-caption=\"\" data-large-file=\"https:\/\/www.masdeudesign.com\/wp-content\/uploads\/2018\/04\/Projecte-ALVAREZ-2.jpg\" \/>\n\t\t\t<\/dt><\/dl><br style=\"clear: both\" \/><dl class='gallery-item'>\n\t\t\t<dt class='gallery-icon landscape'>\n\t\t\t\t<img loading=\"lazy\" decoding=\"async\" width=\"300\" height=\"300\" src=\"https:\/\/www.masdeudesign.com\/wp-content\/uploads\/2018\/04\/Projecte-ALVAREZ-9-300x300.jpg\" class=\"attachment-thumbnail size-thumbnail\" alt=\"\" srcset=\"https:\/\/www.masdeudesign.com\/wp-content\/uploads\/2018\/04\/Projecte-ALVAREZ-9-300x300.jpg 300w, https:\/\/www.masdeudesign.com\/wp-content\/uploads\/2018\/04\/Projecte-ALVAREZ-9-50x50.jpg 50w\" sizes=\"auto, (max-width: 300px) 100vw, 300px\" data-attachment-id=\"1036\" data-permalink=\"https:\/\/www.masdeudesign.com\/es\/portfolio\/sabateria-alvarez\/projecte-alvarez-9\/\" data-orig-file=\"https:\/\/www.masdeudesign.com\/wp-content\/uploads\/2018\/04\/Projecte-ALVAREZ-9.jpg\" data-orig-size=\"1800,1202\" data-comments-opened=\"0\" data-image-meta=\"{&quot;aperture&quot;:&quot;0&quot;,&quot;credit&quot;:&quot;&quot;,&quot;camera&quot;:&quot;&quot;,&quot;caption&quot;:&quot;&quot;,&quot;created_timestamp&quot;:&quot;0&quot;,&quot;copyright&quot;:&quot;\\u00a9Tom\\u00e1sMontes&quot;,&quot;focal_length&quot;:&quot;0&quot;,&quot;iso&quot;:&quot;0&quot;,&quot;shutter_speed&quot;:&quot;0&quot;,&quot;title&quot;:&quot;&quot;,&quot;orientation&quot;:&quot;0&quot;}\" data-image-title=\"Projecte ALVAREZ (9)\" data-image-description=\"\" data-image-caption=\"\" data-large-file=\"https:\/\/www.masdeudesign.com\/wp-content\/uploads\/2018\/04\/Projecte-ALVAREZ-9.jpg\" \/>\n\t\t\t<\/dt><\/dl><dl class='gallery-item'>\n\t\t\t<dt class='gallery-icon landscape'>\n\t\t\t\t<img loading=\"lazy\" decoding=\"async\" width=\"300\" height=\"300\" src=\"https:\/\/www.masdeudesign.com\/wp-content\/uploads\/2018\/04\/Projecte-ALVAREZ-10-300x300.jpg\" class=\"attachment-thumbnail size-thumbnail\" alt=\"\" srcset=\"https:\/\/www.masdeudesign.com\/wp-content\/uploads\/2018\/04\/Projecte-ALVAREZ-10-300x300.jpg 300w, https:\/\/www.masdeudesign.com\/wp-content\/uploads\/2018\/04\/Projecte-ALVAREZ-10-50x50.jpg 50w\" sizes=\"auto, (max-width: 300px) 100vw, 300px\" data-attachment-id=\"1037\" data-permalink=\"https:\/\/www.masdeudesign.com\/es\/portfolio\/sabateria-alvarez\/projecte-alvarez-10\/\" data-orig-file=\"https:\/\/www.masdeudesign.com\/wp-content\/uploads\/2018\/04\/Projecte-ALVAREZ-10.jpg\" data-orig-size=\"1800,1200\" data-comments-opened=\"0\" data-image-meta=\"{&quot;aperture&quot;:&quot;0&quot;,&quot;credit&quot;:&quot;&quot;,&quot;camera&quot;:&quot;&quot;,&quot;caption&quot;:&quot;&quot;,&quot;created_timestamp&quot;:&quot;0&quot;,&quot;copyright&quot;:&quot;\\u00a9Tom\\u00e1sMontes&quot;,&quot;focal_length&quot;:&quot;0&quot;,&quot;iso&quot;:&quot;0&quot;,&quot;shutter_speed&quot;:&quot;0&quot;,&quot;title&quot;:&quot;&quot;,&quot;orientation&quot;:&quot;0&quot;}\" data-image-title=\"Projecte ALVAREZ (10)\" data-image-description=\"\" data-image-caption=\"\" data-large-file=\"https:\/\/www.masdeudesign.com\/wp-content\/uploads\/2018\/04\/Projecte-ALVAREZ-10.jpg\" \/>\n\t\t\t<\/dt><\/dl><dl class='gallery-item'>\n\t\t\t<dt class='gallery-icon portrait'>\n\t\t\t\t<img loading=\"lazy\" decoding=\"async\" width=\"300\" height=\"300\" src=\"https:\/\/www.masdeudesign.com\/wp-content\/uploads\/2018\/04\/Projecte-ALVAREZ-4-300x300.jpg\" class=\"attachment-thumbnail size-thumbnail\" alt=\"\" srcset=\"https:\/\/www.masdeudesign.com\/wp-content\/uploads\/2018\/04\/Projecte-ALVAREZ-4-300x300.jpg 300w, https:\/\/www.masdeudesign.com\/wp-content\/uploads\/2018\/04\/Projecte-ALVAREZ-4-50x50.jpg 50w\" sizes=\"auto, (max-width: 300px) 100vw, 300px\" data-attachment-id=\"1031\" data-permalink=\"https:\/\/www.masdeudesign.com\/es\/portfolio\/sabateria-alvarez\/projecte-alvarez-4\/\" data-orig-file=\"https:\/\/www.masdeudesign.com\/wp-content\/uploads\/2018\/04\/Projecte-ALVAREZ-4.jpg\" data-orig-size=\"1200,1800\" data-comments-opened=\"0\" data-image-meta=\"{&quot;aperture&quot;:&quot;0&quot;,&quot;credit&quot;:&quot;&quot;,&quot;camera&quot;:&quot;&quot;,&quot;caption&quot;:&quot;&quot;,&quot;created_timestamp&quot;:&quot;0&quot;,&quot;copyright&quot;:&quot;\\u00a9Tom\\u00e1sMontes&quot;,&quot;focal_length&quot;:&quot;0&quot;,&quot;iso&quot;:&quot;0&quot;,&quot;shutter_speed&quot;:&quot;0&quot;,&quot;title&quot;:&quot;&quot;,&quot;orientation&quot;:&quot;0&quot;}\" data-image-title=\"Projecte ALVAREZ (4)\" data-image-description=\"\" data-image-caption=\"\" data-large-file=\"https:\/\/www.masdeudesign.com\/wp-content\/uploads\/2018\/04\/Projecte-ALVAREZ-4.jpg\" \/>\n\t\t\t<\/dt><\/dl><dl class='gallery-item'>\n\t\t\t<dt class='gallery-icon portrait'>\n\t\t\t\t<img loading=\"lazy\" decoding=\"async\" width=\"300\" height=\"300\" src=\"https:\/\/www.masdeudesign.com\/wp-content\/uploads\/2018\/04\/Projecte-ALVAREZ-7-300x300.jpg\" class=\"attachment-thumbnail size-thumbnail\" alt=\"\" srcset=\"https:\/\/www.masdeudesign.com\/wp-content\/uploads\/2018\/04\/Projecte-ALVAREZ-7-300x300.jpg 300w, https:\/\/www.masdeudesign.com\/wp-content\/uploads\/2018\/04\/Projecte-ALVAREZ-7-50x50.jpg 50w\" sizes=\"auto, (max-width: 300px) 100vw, 300px\" data-attachment-id=\"1034\" data-permalink=\"https:\/\/www.masdeudesign.com\/es\/portfolio\/sabateria-alvarez\/projecte-alvarez-7\/\" data-orig-file=\"https:\/\/www.masdeudesign.com\/wp-content\/uploads\/2018\/04\/Projecte-ALVAREZ-7.jpg\" data-orig-size=\"1201,1800\" data-comments-opened=\"0\" data-image-meta=\"{&quot;aperture&quot;:&quot;0&quot;,&quot;credit&quot;:&quot;&quot;,&quot;camera&quot;:&quot;&quot;,&quot;caption&quot;:&quot;&quot;,&quot;created_timestamp&quot;:&quot;0&quot;,&quot;copyright&quot;:&quot;\\u00a9Tom\\u00e1sMontes&quot;,&quot;focal_length&quot;:&quot;0&quot;,&quot;iso&quot;:&quot;0&quot;,&quot;shutter_speed&quot;:&quot;0&quot;,&quot;title&quot;:&quot;&quot;,&quot;orientation&quot;:&quot;0&quot;}\" data-image-title=\"Projecte ALVAREZ (7)\" data-image-description=\"\" data-image-caption=\"\" data-large-file=\"https:\/\/www.masdeudesign.com\/wp-content\/uploads\/2018\/04\/Projecte-ALVAREZ-7.jpg\" \/>\n\t\t\t<\/dt><\/dl><br style=\"clear: both\" \/><dl class='gallery-item'>\n\t\t\t<dt class='gallery-icon landscape'>\n\t\t\t\t<img loading=\"lazy\" decoding=\"async\" width=\"300\" height=\"300\" src=\"https:\/\/www.masdeudesign.com\/wp-content\/uploads\/2018\/04\/Projecte-ALVAREZ-14-300x300.jpg\" class=\"attachment-thumbnail size-thumbnail\" alt=\"\" srcset=\"https:\/\/www.masdeudesign.com\/wp-content\/uploads\/2018\/04\/Projecte-ALVAREZ-14-300x300.jpg 300w, https:\/\/www.masdeudesign.com\/wp-content\/uploads\/2018\/04\/Projecte-ALVAREZ-14-50x50.jpg 50w\" sizes=\"auto, (max-width: 300px) 100vw, 300px\" data-attachment-id=\"1040\" data-permalink=\"https:\/\/www.masdeudesign.com\/es\/portfolio\/sabateria-alvarez\/projecte-alvarez-14\/\" data-orig-file=\"https:\/\/www.masdeudesign.com\/wp-content\/uploads\/2018\/04\/Projecte-ALVAREZ-14.jpg\" data-orig-size=\"1800,572\" data-comments-opened=\"0\" data-image-meta=\"{&quot;aperture&quot;:&quot;0&quot;,&quot;credit&quot;:&quot;&quot;,&quot;camera&quot;:&quot;&quot;,&quot;caption&quot;:&quot;&quot;,&quot;created_timestamp&quot;:&quot;0&quot;,&quot;copyright&quot;:&quot;&quot;,&quot;focal_length&quot;:&quot;0&quot;,&quot;iso&quot;:&quot;0&quot;,&quot;shutter_speed&quot;:&quot;0&quot;,&quot;title&quot;:&quot;&quot;,&quot;orientation&quot;:&quot;0&quot;}\" data-image-title=\"Projecte ALVAREZ (14)\" data-image-description=\"\" data-image-caption=\"\" data-large-file=\"https:\/\/www.masdeudesign.com\/wp-content\/uploads\/2018\/04\/Projecte-ALVAREZ-14.jpg\" \/>\n\t\t\t<\/dt><\/dl><dl class='gallery-item'>\n\t\t\t<dt class='gallery-icon portrait'>\n\t\t\t\t<img loading=\"lazy\" decoding=\"async\" width=\"300\" height=\"300\" src=\"https:\/\/www.masdeudesign.com\/wp-content\/uploads\/2018\/09\/Plaf\u00f3-Sabateria-Alvarez-300x300.jpg\" class=\"attachment-thumbnail size-thumbnail\" alt=\"\" srcset=\"https:\/\/www.masdeudesign.com\/wp-content\/uploads\/2018\/09\/Plaf\u00f3-Sabateria-Alvarez-300x300.jpg 300w, https:\/\/www.masdeudesign.com\/wp-content\/uploads\/2018\/09\/Plaf\u00f3-Sabateria-Alvarez-50x50.jpg 50w\" sizes=\"auto, (max-width: 300px) 100vw, 300px\" data-attachment-id=\"1134\" data-permalink=\"https:\/\/www.masdeudesign.com\/es\/portfolio\/sabateria-alvarez\/plafo-sabateria-alvarez\/\" data-orig-file=\"https:\/\/www.masdeudesign.com\/wp-content\/uploads\/2018\/09\/Plaf\u00f3-Sabateria-Alvarez.jpg\" data-orig-size=\"1800,2599\" data-comments-opened=\"0\" data-image-meta=\"{&quot;aperture&quot;:&quot;0&quot;,&quot;credit&quot;:&quot;&quot;,&quot;camera&quot;:&quot;&quot;,&quot;caption&quot;:&quot;&quot;,&quot;created_timestamp&quot;:&quot;0&quot;,&quot;copyright&quot;:&quot;&quot;,&quot;focal_length&quot;:&quot;0&quot;,&quot;iso&quot;:&quot;0&quot;,&quot;shutter_speed&quot;:&quot;0&quot;,&quot;title&quot;:&quot;&quot;,&quot;orientation&quot;:&quot;1&quot;}\" data-image-title=\"Plaf\u00f3 &#8211; Sabateria Alvarez\" data-image-description=\"\" data-image-caption=\"\" data-large-file=\"https:\/\/www.masdeudesign.com\/wp-content\/uploads\/2018\/09\/Plaf\u00f3-Sabateria-Alvarez.jpg\" \/>\n\t\t\t<\/dt><\/dl>\n\t\t\t<br style='clear: both' \/>\n\t\t<\/div>\n\n<\/div>\n<p><\/p>","protected":false},"excerpt":{"rendered":"<p>Cliente | Sabateria \u00c1lvarez Superficie | 250m\u00b2 A\u00f1o | 2017 Ciudad | Rambla de Catalunya, 96 Barcelona Fot\u00f3grafo |\u00a0Tom\u00e1s Montes La nueva zapater\u00eda \u00c1lvarez de la Rambla Catalu\u00f1a, deb\u00eda ser mucho m\u00e1s actual, pero manteniendo la esencia de la marca, aprovechando parte del mobiliario de madera del antiguo local. El local presentaba muchos desniveles y [&hellip;]<\/p>\n","protected":false},"author":1,"featured_media":1038,"comment_status":"closed","ping_status":"closed","template":"","format":"standard","meta":{"footnotes":""},"jetpack-portfolio-type":[5],"jetpack-portfolio-tag":[],"class_list":["post-953","jetpack-portfolio","type-jetpack-portfolio","status-publish","format-standard","has-post-thumbnail","hentry","jetpack-portfolio-type-comercial"],"jetpack_sharing_enabled":true,"_links":{"self":[{"href":"https:\/\/www.masdeudesign.com\/es\/wp-json\/wp\/v2\/jetpack-portfolio\/953","targetHints":{"allow":["GET"]}}],"collection":[{"href":"https:\/\/www.masdeudesign.com\/es\/wp-json\/wp\/v2\/jetpack-portfolio"}],"about":[{"href":"https:\/\/www.masdeudesign.com\/es\/wp-json\/wp\/v2\/types\/jetpack-portfolio"}],"author":[{"embeddable":true,"href":"https:\/\/www.masdeudesign.com\/es\/wp-json\/wp\/v2\/users\/1"}],"replies":[{"embeddable":true,"href":"https:\/\/www.masdeudesign.com\/es\/wp-json\/wp\/v2\/comments?post=953"}],"version-history":[{"count":2,"href":"https:\/\/www.masdeudesign.com\/es\/wp-json\/wp\/v2\/jetpack-portfolio\/953\/revisions"}],"predecessor-version":[{"id":1632,"href":"https:\/\/www.masdeudesign.com\/es\/wp-json\/wp\/v2\/jetpack-portfolio\/953\/revisions\/1632"}],"wp:featuredmedia":[{"embeddable":true,"href":"https:\/\/www.masdeudesign.com\/es\/wp-json\/wp\/v2\/media\/1038"}],"wp:attachment":[{"href":"https:\/\/www.masdeudesign.com\/es\/wp-json\/wp\/v2\/media?parent=953"}],"wp:term":[{"taxonomy":"jetpack-portfolio-type","embeddable":true,"href":"https:\/\/www.masdeudesign.com\/es\/wp-json\/wp\/v2\/jetpack-portfolio-type?post=953"},{"taxonomy":"jetpack-portfolio-tag","embeddable":true,"href":"https:\/\/www.masdeudesign.com\/es\/wp-json\/wp\/v2\/jetpack-portfolio-tag?post=953"}],"curies":[{"name":"wp","href":"https:\/\/api.w.org\/{rel}","templated":true}]}}