{"id":6,"date":"2016-04-01T11:28:22","date_gmt":"2016-04-01T09:28:22","guid":{"rendered":"https:\/\/www.masdeudesign.com\/?post_type=jetpack-portfolio&#038;p=6"},"modified":"2017-09-07T14:06:59","modified_gmt":"2017-09-07T12:06:59","slug":"balneari-respiratori-dr-pros","status":"publish","type":"jetpack-portfolio","link":"https:\/\/www.masdeudesign.com\/es\/portfolio\/balneari-respiratori-dr-pros\/","title":{"rendered":"balneario respiratorio Dr. Pros"},"content":{"rendered":"<p><\/p>\n<div class=\"wide-content\" style=\"text-align: left;\">\n<p><img loading=\"lazy\" decoding=\"async\" data-attachment-id=\"10\" data-permalink=\"https:\/\/www.masdeudesign.com\/es\/portfolio\/balneari-respiratori-dr-pros\/balneari-respiratori-dr-pros-4\/\" data-orig-file=\"https:\/\/www.masdeudesign.com\/wp-content\/uploads\/2017\/01\/Balneari-respiratori-Dr-Pros-4.jpg\" data-orig-size=\"1798,1800\" data-comments-opened=\"0\" data-image-meta=\"{&quot;aperture&quot;:&quot;0&quot;,&quot;credit&quot;:&quot;Mauricio Fuertes&quot;,&quot;camera&quot;:&quot;&quot;,&quot;caption&quot;:&quot;&quot;,&quot;created_timestamp&quot;:&quot;0&quot;,&quot;copyright&quot;:&quot;&quot;,&quot;focal_length&quot;:&quot;0&quot;,&quot;iso&quot;:&quot;0&quot;,&quot;shutter_speed&quot;:&quot;0&quot;,&quot;title&quot;:&quot;&quot;,&quot;orientation&quot;:&quot;1&quot;}\" data-image-title=\"\" data-image-description=\"\" data-image-caption=\"\" data-large-file=\"https:\/\/www.masdeudesign.com\/wp-content\/uploads\/2017\/01\/Balneari-respiratori-Dr-Pros-4.jpg\" class=\"size-medium wp-image-10 alignleft\" src=\"http:\/\/masdeudesign.com\/wordpress\/wp-content\/uploads\/2017\/01\/Balneari-respiratori-Dr-Pros-4-600x600.jpg\" alt=\"balneari-respiratori-dr-pros-4\" width=\"600\" height=\"600\" srcset=\"https:\/\/www.masdeudesign.com\/wp-content\/uploads\/2017\/01\/Balneari-respiratori-Dr-Pros-4-600x600.jpg 600w, https:\/\/www.masdeudesign.com\/wp-content\/uploads\/2017\/01\/Balneari-respiratori-Dr-Pros-4-300x300.jpg 300w, https:\/\/www.masdeudesign.com\/wp-content\/uploads\/2017\/01\/Balneari-respiratori-Dr-Pros-4-768x769.jpg 768w, https:\/\/www.masdeudesign.com\/wp-content\/uploads\/2017\/01\/Balneari-respiratori-Dr-Pros-4-50x50.jpg 50w, https:\/\/www.masdeudesign.com\/wp-content\/uploads\/2017\/01\/Balneari-respiratori-Dr-Pros-4.jpg 1798w\" sizes=\"auto, (max-width: 600px) 100vw, 600px\" \/><\/p>\n<p style=\"text-align: justify;\">Cliente | <strong>Dr. Pros<\/strong><br \/>\nSuperficie | <strong>70m\u00b2<\/strong><br \/>\nA\u00f1o\u00a0| <strong>2011<\/strong><br \/>\nCiudad | <strong>Sant Cugat del Vall\u00e8s<\/strong><br \/>\nFot\u00f3grafo | <b>Mauricio Fuertes<\/b><\/p>\n<p style=\"text-align: justify; line-height: 200%; background: white; margin: 0cm 0cm 21.0pt 0cm;\"><span style=\"font-family: 'Georgia','serif'; color: black;\">Un balneario respiratorio es un espacio m\u00e9dico donde se utiliza agua de mar para tratar las infecciones de las vias respiratorias. En este caso en concreto, el balneario ten\u00eda que convivir en la planta s\u00f3tano de la parafarmacia Ess\u00e8ncia, siguiendo con la misma filosof\u00eda de \u00e9sta (espacio tranquilo y relajante)\u00a0y es por este motivo que se utiliz\u00f3 el mismo lenguaje de materiales pero sustituyendo el parquet de la planta baja por un pavimento de pvc trenzado (ideal para espacios con alto grado de humedad) y se aplic\u00f3 porcel\u00e1nico imitando piedra en las salas de los tratamientos y un revestimiento de lamas verticales de roble con barniz\u00a0para el exterior.\u00a0El espacio se dividi\u00f3 en una peque\u00f1a recepci\u00f3n y sala de espera, 3 salas de terapias, un peque\u00f1o office y el despacho del doctor. Las puertas y las mamparas divisorias de los diferentes espacios se dise\u00f1aron a modo de grandes mamparas correderas con un marco perimetral de roble y un screen colocado entre los cristales que permit\u00eda pasar la luz y crear intimidad sin privar del todo la visibilidad. \u00a0Para unificar todas las zonas se crearon grandes jardineras con bamb\u00fas, aloe veras y papyrus para crear un ambiente natural y relajante, alejado de la t\u00edpica imagen de centro m\u00e9dico.<\/span><\/p>\n<p>&nbsp;<\/p>\n<div data-carousel-extra='{&quot;blog_id&quot;:1,&quot;permalink&quot;:&quot;https:\/\/www.masdeudesign.com\/es\/portfolio\/balneari-respiratori-dr-pros\/&quot;}' id='gallery-4' class='gallery galleryid-6 gallery-columns-4 gallery-size-thumbnail'><dl class='gallery-item'>\n\t\t\t<dt class='gallery-icon portrait'>\n\t\t\t\t<img loading=\"lazy\" decoding=\"async\" width=\"300\" height=\"300\" src=\"https:\/\/www.masdeudesign.com\/wp-content\/uploads\/2017\/01\/Balneari-respiratori-Dr-Pros-1-300x300.jpg\" class=\"attachment-thumbnail size-thumbnail\" alt=\"\" srcset=\"https:\/\/www.masdeudesign.com\/wp-content\/uploads\/2017\/01\/Balneari-respiratori-Dr-Pros-1-300x300.jpg 300w, https:\/\/www.masdeudesign.com\/wp-content\/uploads\/2017\/01\/Balneari-respiratori-Dr-Pros-1-50x50.jpg 50w\" sizes=\"auto, (max-width: 300px) 100vw, 300px\" data-attachment-id=\"7\" data-permalink=\"https:\/\/www.masdeudesign.com\/es\/portfolio\/balneari-respiratori-dr-pros\/balneari-respiratori-dr-pros-1\/\" data-orig-file=\"https:\/\/www.masdeudesign.com\/wp-content\/uploads\/2017\/01\/Balneari-respiratori-Dr-Pros-1.jpg\" data-orig-size=\"1200,1800\" data-comments-opened=\"0\" data-image-meta=\"{&quot;aperture&quot;:&quot;0&quot;,&quot;credit&quot;:&quot;Mauricio Fuertes&quot;,&quot;camera&quot;:&quot;&quot;,&quot;caption&quot;:&quot;&quot;,&quot;created_timestamp&quot;:&quot;0&quot;,&quot;copyright&quot;:&quot;&quot;,&quot;focal_length&quot;:&quot;0&quot;,&quot;iso&quot;:&quot;0&quot;,&quot;shutter_speed&quot;:&quot;0&quot;,&quot;title&quot;:&quot;&quot;,&quot;orientation&quot;:&quot;1&quot;}\" data-image-title=\"\" data-image-description=\"\" data-image-caption=\"\" data-large-file=\"https:\/\/www.masdeudesign.com\/wp-content\/uploads\/2017\/01\/Balneari-respiratori-Dr-Pros-1.jpg\" \/>\n\t\t\t<\/dt><\/dl><dl class='gallery-item'>\n\t\t\t<dt class='gallery-icon portrait'>\n\t\t\t\t<img loading=\"lazy\" decoding=\"async\" width=\"300\" height=\"300\" src=\"https:\/\/www.masdeudesign.com\/wp-content\/uploads\/2017\/01\/Balneari-respiratori-Dr-Pros-3-300x300.jpg\" class=\"attachment-thumbnail size-thumbnail\" alt=\"\" srcset=\"https:\/\/www.masdeudesign.com\/wp-content\/uploads\/2017\/01\/Balneari-respiratori-Dr-Pros-3-300x300.jpg 300w, https:\/\/www.masdeudesign.com\/wp-content\/uploads\/2017\/01\/Balneari-respiratori-Dr-Pros-3-50x50.jpg 50w\" sizes=\"auto, (max-width: 300px) 100vw, 300px\" data-attachment-id=\"9\" data-permalink=\"https:\/\/www.masdeudesign.com\/es\/portfolio\/balneari-respiratori-dr-pros\/balneari-respiratori-dr-pros-3\/\" data-orig-file=\"https:\/\/www.masdeudesign.com\/wp-content\/uploads\/2017\/01\/Balneari-respiratori-Dr-Pros-3.jpg\" data-orig-size=\"1200,1800\" data-comments-opened=\"0\" data-image-meta=\"{&quot;aperture&quot;:&quot;0&quot;,&quot;credit&quot;:&quot;Mauricio Fuertes&quot;,&quot;camera&quot;:&quot;&quot;,&quot;caption&quot;:&quot;&quot;,&quot;created_timestamp&quot;:&quot;0&quot;,&quot;copyright&quot;:&quot;&quot;,&quot;focal_length&quot;:&quot;0&quot;,&quot;iso&quot;:&quot;0&quot;,&quot;shutter_speed&quot;:&quot;0&quot;,&quot;title&quot;:&quot;&quot;,&quot;orientation&quot;:&quot;1&quot;}\" data-image-title=\"\" data-image-description=\"\" data-image-caption=\"\" data-large-file=\"https:\/\/www.masdeudesign.com\/wp-content\/uploads\/2017\/01\/Balneari-respiratori-Dr-Pros-3.jpg\" \/>\n\t\t\t<\/dt><\/dl><dl class='gallery-item'>\n\t\t\t<dt class='gallery-icon portrait'>\n\t\t\t\t<img loading=\"lazy\" decoding=\"async\" width=\"300\" height=\"300\" src=\"https:\/\/www.masdeudesign.com\/wp-content\/uploads\/2017\/01\/Balneari-respiratori-Dr-Pros-2-300x300.jpg\" class=\"attachment-thumbnail size-thumbnail\" alt=\"\" srcset=\"https:\/\/www.masdeudesign.com\/wp-content\/uploads\/2017\/01\/Balneari-respiratori-Dr-Pros-2-300x300.jpg 300w, https:\/\/www.masdeudesign.com\/wp-content\/uploads\/2017\/01\/Balneari-respiratori-Dr-Pros-2-50x50.jpg 50w\" sizes=\"auto, (max-width: 300px) 100vw, 300px\" data-attachment-id=\"8\" data-permalink=\"https:\/\/www.masdeudesign.com\/es\/portfolio\/balneari-respiratori-dr-pros\/balneari-respiratori-dr-pros-2\/\" data-orig-file=\"https:\/\/www.masdeudesign.com\/wp-content\/uploads\/2017\/01\/Balneari-respiratori-Dr-Pros-2.jpg\" data-orig-size=\"1350,1800\" data-comments-opened=\"0\" data-image-meta=\"{&quot;aperture&quot;:&quot;0&quot;,&quot;credit&quot;:&quot;Mauricio Fuertes&quot;,&quot;camera&quot;:&quot;&quot;,&quot;caption&quot;:&quot;&quot;,&quot;created_timestamp&quot;:&quot;0&quot;,&quot;copyright&quot;:&quot;&quot;,&quot;focal_length&quot;:&quot;0&quot;,&quot;iso&quot;:&quot;0&quot;,&quot;shutter_speed&quot;:&quot;0&quot;,&quot;title&quot;:&quot;&quot;,&quot;orientation&quot;:&quot;1&quot;}\" data-image-title=\"\" data-image-description=\"\" data-image-caption=\"\" data-large-file=\"https:\/\/www.masdeudesign.com\/wp-content\/uploads\/2017\/01\/Balneari-respiratori-Dr-Pros-2.jpg\" \/>\n\t\t\t<\/dt><\/dl><dl class='gallery-item'>\n\t\t\t<dt class='gallery-icon portrait'>\n\t\t\t\t<img loading=\"lazy\" decoding=\"async\" width=\"300\" height=\"300\" src=\"https:\/\/www.masdeudesign.com\/wp-content\/uploads\/2017\/01\/Balneari-respiratori-Dr-Pros-4-300x300.jpg\" class=\"attachment-thumbnail size-thumbnail\" alt=\"\" srcset=\"https:\/\/www.masdeudesign.com\/wp-content\/uploads\/2017\/01\/Balneari-respiratori-Dr-Pros-4-300x300.jpg 300w, https:\/\/www.masdeudesign.com\/wp-content\/uploads\/2017\/01\/Balneari-respiratori-Dr-Pros-4-600x600.jpg 600w, https:\/\/www.masdeudesign.com\/wp-content\/uploads\/2017\/01\/Balneari-respiratori-Dr-Pros-4-768x769.jpg 768w, https:\/\/www.masdeudesign.com\/wp-content\/uploads\/2017\/01\/Balneari-respiratori-Dr-Pros-4-50x50.jpg 50w, https:\/\/www.masdeudesign.com\/wp-content\/uploads\/2017\/01\/Balneari-respiratori-Dr-Pros-4.jpg 1798w\" sizes=\"auto, (max-width: 300px) 100vw, 300px\" data-attachment-id=\"10\" data-permalink=\"https:\/\/www.masdeudesign.com\/es\/portfolio\/balneari-respiratori-dr-pros\/balneari-respiratori-dr-pros-4\/\" data-orig-file=\"https:\/\/www.masdeudesign.com\/wp-content\/uploads\/2017\/01\/Balneari-respiratori-Dr-Pros-4.jpg\" data-orig-size=\"1798,1800\" data-comments-opened=\"0\" data-image-meta=\"{&quot;aperture&quot;:&quot;0&quot;,&quot;credit&quot;:&quot;Mauricio Fuertes&quot;,&quot;camera&quot;:&quot;&quot;,&quot;caption&quot;:&quot;&quot;,&quot;created_timestamp&quot;:&quot;0&quot;,&quot;copyright&quot;:&quot;&quot;,&quot;focal_length&quot;:&quot;0&quot;,&quot;iso&quot;:&quot;0&quot;,&quot;shutter_speed&quot;:&quot;0&quot;,&quot;title&quot;:&quot;&quot;,&quot;orientation&quot;:&quot;1&quot;}\" data-image-title=\"\" data-image-description=\"\" data-image-caption=\"\" data-large-file=\"https:\/\/www.masdeudesign.com\/wp-content\/uploads\/2017\/01\/Balneari-respiratori-Dr-Pros-4.jpg\" \/>\n\t\t\t<\/dt><\/dl><br style=\"clear: both\" \/><dl class='gallery-item'>\n\t\t\t<dt class='gallery-icon portrait'>\n\t\t\t\t<img loading=\"lazy\" decoding=\"async\" width=\"300\" height=\"300\" src=\"https:\/\/www.masdeudesign.com\/wp-content\/uploads\/2017\/01\/Balneari-respiratori-Dr-Pros-5-300x300.jpg\" class=\"attachment-thumbnail size-thumbnail\" alt=\"\" srcset=\"https:\/\/www.masdeudesign.com\/wp-content\/uploads\/2017\/01\/Balneari-respiratori-Dr-Pros-5-300x300.jpg 300w, https:\/\/www.masdeudesign.com\/wp-content\/uploads\/2017\/01\/Balneari-respiratori-Dr-Pros-5-50x50.jpg 50w\" sizes=\"auto, (max-width: 300px) 100vw, 300px\" data-attachment-id=\"11\" data-permalink=\"https:\/\/www.masdeudesign.com\/es\/portfolio\/balneari-respiratori-dr-pros\/balneari-respiratori-dr-pros-5\/\" data-orig-file=\"https:\/\/www.masdeudesign.com\/wp-content\/uploads\/2017\/01\/Balneari-respiratori-Dr-Pros-5.jpg\" data-orig-size=\"1350,1800\" data-comments-opened=\"0\" data-image-meta=\"{&quot;aperture&quot;:&quot;0&quot;,&quot;credit&quot;:&quot;Mauricio Fuertes&quot;,&quot;camera&quot;:&quot;&quot;,&quot;caption&quot;:&quot;&quot;,&quot;created_timestamp&quot;:&quot;0&quot;,&quot;copyright&quot;:&quot;&quot;,&quot;focal_length&quot;:&quot;0&quot;,&quot;iso&quot;:&quot;0&quot;,&quot;shutter_speed&quot;:&quot;0&quot;,&quot;title&quot;:&quot;&quot;,&quot;orientation&quot;:&quot;1&quot;}\" data-image-title=\"\" data-image-description=\"\" data-image-caption=\"\" data-large-file=\"https:\/\/www.masdeudesign.com\/wp-content\/uploads\/2017\/01\/Balneari-respiratori-Dr-Pros-5.jpg\" \/>\n\t\t\t<\/dt><\/dl><dl class='gallery-item'>\n\t\t\t<dt class='gallery-icon portrait'>\n\t\t\t\t<img loading=\"lazy\" decoding=\"async\" width=\"300\" height=\"300\" src=\"https:\/\/www.masdeudesign.com\/wp-content\/uploads\/2017\/01\/Plaf\u00f3-Balneari-respiratori-300x300.jpg\" class=\"attachment-thumbnail size-thumbnail\" alt=\"\" srcset=\"https:\/\/www.masdeudesign.com\/wp-content\/uploads\/2017\/01\/Plaf\u00f3-Balneari-respiratori-300x300.jpg 300w, https:\/\/www.masdeudesign.com\/wp-content\/uploads\/2017\/01\/Plaf\u00f3-Balneari-respiratori-50x50.jpg 50w\" sizes=\"auto, (max-width: 300px) 100vw, 300px\" data-attachment-id=\"225\" data-permalink=\"https:\/\/www.masdeudesign.com\/es\/portfolio\/balneari-respiratori-dr-pros\/cusersalbadesktopsant-cugat-mireiaplafo-informatiu-paraf\/\" data-orig-file=\"https:\/\/www.masdeudesign.com\/wp-content\/uploads\/2017\/01\/Plaf\u00f3-Balneari-respiratori.jpg\" data-orig-size=\"1272,1800\" data-comments-opened=\"0\" data-image-meta=\"{&quot;aperture&quot;:&quot;0&quot;,&quot;credit&quot;:&quot;Alba&quot;,&quot;camera&quot;:&quot;&quot;,&quot;caption&quot;:&quot;&quot;,&quot;created_timestamp&quot;:&quot;0&quot;,&quot;copyright&quot;:&quot;&quot;,&quot;focal_length&quot;:&quot;0&quot;,&quot;iso&quot;:&quot;0&quot;,&quot;shutter_speed&quot;:&quot;0&quot;,&quot;title&quot;:&quot;C:UsersAlbaDesktopSant Cugat, MireiaPLAF\\u00d3 INFORMATIU PARAF&quot;,&quot;orientation&quot;:&quot;1&quot;}\" data-image-title=\"\" data-image-description=\"\" data-image-caption=\"\" data-large-file=\"https:\/\/www.masdeudesign.com\/wp-content\/uploads\/2017\/01\/Plaf\u00f3-Balneari-respiratori.jpg\" \/>\n\t\t\t<\/dt><\/dl>\n\t\t\t<br style='clear: both' \/>\n\t\t<\/div>\n\n<\/div>\n<p><\/p>","protected":false},"excerpt":{"rendered":"<p>Cliente | Dr. Pros Superficie | 70m\u00b2 A\u00f1o\u00a0| 2011 Ciudad | Sant Cugat del Vall\u00e8s Fot\u00f3grafo | Mauricio Fuertes Un balneario respiratorio es un espacio m\u00e9dico donde se utiliza agua de mar para tratar las infecciones de las vias respiratorias. En este caso en concreto, el balneario ten\u00eda que convivir en la planta s\u00f3tano de [&hellip;]<\/p>\n","protected":false},"author":1,"featured_media":12,"comment_status":"closed","ping_status":"closed","template":"","format":"standard","meta":{"footnotes":""},"jetpack-portfolio-type":[5],"jetpack-portfolio-tag":[],"class_list":["post-6","jetpack-portfolio","type-jetpack-portfolio","status-publish","format-standard","has-post-thumbnail","hentry","jetpack-portfolio-type-comercial"],"jetpack_sharing_enabled":true,"_links":{"self":[{"href":"https:\/\/www.masdeudesign.com\/es\/wp-json\/wp\/v2\/jetpack-portfolio\/6","targetHints":{"allow":["GET"]}}],"collection":[{"href":"https:\/\/www.masdeudesign.com\/es\/wp-json\/wp\/v2\/jetpack-portfolio"}],"about":[{"href":"https:\/\/www.masdeudesign.com\/es\/wp-json\/wp\/v2\/types\/jetpack-portfolio"}],"author":[{"embeddable":true,"href":"https:\/\/www.masdeudesign.com\/es\/wp-json\/wp\/v2\/users\/1"}],"replies":[{"embeddable":true,"href":"https:\/\/www.masdeudesign.com\/es\/wp-json\/wp\/v2\/comments?post=6"}],"version-history":[{"count":0,"href":"https:\/\/www.masdeudesign.com\/es\/wp-json\/wp\/v2\/jetpack-portfolio\/6\/revisions"}],"wp:featuredmedia":[{"embeddable":true,"href":"https:\/\/www.masdeudesign.com\/es\/wp-json\/wp\/v2\/media\/12"}],"wp:attachment":[{"href":"https:\/\/www.masdeudesign.com\/es\/wp-json\/wp\/v2\/media?parent=6"}],"wp:term":[{"taxonomy":"jetpack-portfolio-type","embeddable":true,"href":"https:\/\/www.masdeudesign.com\/es\/wp-json\/wp\/v2\/jetpack-portfolio-type?post=6"},{"taxonomy":"jetpack-portfolio-tag","embeddable":true,"href":"https:\/\/www.masdeudesign.com\/es\/wp-json\/wp\/v2\/jetpack-portfolio-tag?post=6"}],"curies":[{"name":"wp","href":"https:\/\/api.w.org\/{rel}","templated":true}]}}