{"id":42,"date":"2016-04-01T11:27:50","date_gmt":"2016-04-01T09:27:50","guid":{"rendered":"https:\/\/www.masdeudesign.com\/?post_type=jetpack-portfolio&#038;p=42"},"modified":"2017-09-07T14:07:49","modified_gmt":"2017-09-07T12:07:49","slug":"parafarmacia-essencia","status":"publish","type":"jetpack-portfolio","link":"https:\/\/www.masdeudesign.com\/es\/portfolio\/parafarmacia-essencia\/","title":{"rendered":"parafarmacia Ess\u00e8ncia"},"content":{"rendered":"<p><\/p>\n<div class=\"wide-content\" style=\"text-align: left;\">\n<p><img loading=\"lazy\" decoding=\"async\" data-attachment-id=\"45\" data-permalink=\"https:\/\/www.masdeudesign.com\/es\/portfolio\/parafarmacia-essencia\/parafarmacia-essencia-3\/\" data-orig-file=\"https:\/\/www.masdeudesign.com\/wp-content\/uploads\/2017\/01\/Parafarm\u00e0cia-Ess\u00e8ncia-3.jpg\" data-orig-size=\"1800,1384\" data-comments-opened=\"0\" data-image-meta=\"{&quot;aperture&quot;:&quot;0&quot;,&quot;credit&quot;:&quot;Mauricio Fuertes&quot;,&quot;camera&quot;:&quot;&quot;,&quot;caption&quot;:&quot;&quot;,&quot;created_timestamp&quot;:&quot;0&quot;,&quot;copyright&quot;:&quot;&quot;,&quot;focal_length&quot;:&quot;0&quot;,&quot;iso&quot;:&quot;0&quot;,&quot;shutter_speed&quot;:&quot;0&quot;,&quot;title&quot;:&quot;&quot;,&quot;orientation&quot;:&quot;1&quot;}\" data-image-title=\"\" data-image-description=\"\" data-image-caption=\"\" data-large-file=\"https:\/\/www.masdeudesign.com\/wp-content\/uploads\/2017\/01\/Parafarm\u00e0cia-Ess\u00e8ncia-3.jpg\" class=\"size-medium wp-image-45 alignleft\" src=\"http:\/\/masdeudesign.com\/wordpress\/wp-content\/uploads\/2017\/01\/Parafarm\u00e0cia-Ess\u00e8ncia-3-600x461.jpg\" alt=\"parafarmacia-essencia-3\" width=\"600\" height=\"461\" srcset=\"https:\/\/www.masdeudesign.com\/wp-content\/uploads\/2017\/01\/Parafarm\u00e0cia-Ess\u00e8ncia-3-600x461.jpg 600w, https:\/\/www.masdeudesign.com\/wp-content\/uploads\/2017\/01\/Parafarm\u00e0cia-Ess\u00e8ncia-3-768x591.jpg 768w, https:\/\/www.masdeudesign.com\/wp-content\/uploads\/2017\/01\/Parafarm\u00e0cia-Ess\u00e8ncia-3.jpg 1800w\" sizes=\"auto, (max-width: 600px) 100vw, 600px\" \/><\/p>\n<p style=\"text-align: justify;\">Cliente | <strong>Parafarmacia Ess\u00e8ncia<\/strong><br \/>\nSuperf\u00edcie | <strong>70m\u00b2<\/strong><br \/>\nAny | <strong>2011<\/strong><br \/>\nCiutat | <strong>Sant Cugat del Vall\u00e8s<\/strong><br \/>\nFot\u00f3grafo |\u00a0<strong>Mauricio Fuertes<\/strong><\/p>\n<p style=\"text-align: justify;\">El objetivo era alejarse de la t\u00edpica imagen as\u00e9ptica de parafarmacia y crear un espacio c\u00e1lido, lleno de luz y de referencias naturales para dar vida a una parafarmacia de medicina natural y alimentaci\u00f3n terap\u00e9utica. Se buscaron referencias en las antiguas farmacias orientales para dise\u00f1ar un mueble expositor de madera con 42 cajones extra\u00edbles \u00a0que funcionaba como expositor y a la vez como almacenaje por la cara posterior ya que el local no ten\u00eda almac\u00e9n. El resto de muebles tambi\u00e9n se dise\u00f1aron a medida jugando con la madera natural de roble con barniz mate y poro abierto, la laca de color blanco y tiras led a modo de iluminaci\u00f3n, y en algunos de ellos se incorporaron unos enormes bamb\u00fas para hacer de separaci\u00f3n visual entre la parafarmacia y la sala de espera. Por la parte posterior del mostrador se imprimi\u00f3 sobre lamas de Dm de distintos anchos, una gran imagen en color sepia que funcionaba como mural y a la vez escond\u00eda las puertas del ba\u00f1o y el despacho del personal.<\/p>\n<p>&nbsp;<\/p>\n<div data-carousel-extra='{&quot;blog_id&quot;:1,&quot;permalink&quot;:&quot;https:\/\/www.masdeudesign.com\/es\/portfolio\/parafarmacia-essencia\/&quot;}' id='gallery-4' class='gallery galleryid-42 gallery-columns-4 gallery-size-thumbnail'><dl class='gallery-item'>\n\t\t\t<dt class='gallery-icon landscape'>\n\t\t\t\t<img loading=\"lazy\" decoding=\"async\" width=\"300\" height=\"300\" src=\"https:\/\/www.masdeudesign.com\/wp-content\/uploads\/2017\/01\/Parafarm\u00e0cia-Ess\u00e8ncia-1-300x300.jpg\" class=\"attachment-thumbnail size-thumbnail\" alt=\"\" srcset=\"https:\/\/www.masdeudesign.com\/wp-content\/uploads\/2017\/01\/Parafarm\u00e0cia-Ess\u00e8ncia-1-300x300.jpg 300w, https:\/\/www.masdeudesign.com\/wp-content\/uploads\/2017\/01\/Parafarm\u00e0cia-Ess\u00e8ncia-1-50x50.jpg 50w\" sizes=\"auto, (max-width: 300px) 100vw, 300px\" data-attachment-id=\"43\" data-permalink=\"https:\/\/www.masdeudesign.com\/es\/portfolio\/parafarmacia-essencia\/parafarmacia-essencia-1\/\" data-orig-file=\"https:\/\/www.masdeudesign.com\/wp-content\/uploads\/2017\/01\/Parafarm\u00e0cia-Ess\u00e8ncia-1.jpg\" data-orig-size=\"1800,1310\" data-comments-opened=\"0\" data-image-meta=\"{&quot;aperture&quot;:&quot;0&quot;,&quot;credit&quot;:&quot;Mauricio Fuertes&quot;,&quot;camera&quot;:&quot;&quot;,&quot;caption&quot;:&quot;&quot;,&quot;created_timestamp&quot;:&quot;0&quot;,&quot;copyright&quot;:&quot;&quot;,&quot;focal_length&quot;:&quot;0&quot;,&quot;iso&quot;:&quot;0&quot;,&quot;shutter_speed&quot;:&quot;0&quot;,&quot;title&quot;:&quot;&quot;,&quot;orientation&quot;:&quot;1&quot;}\" data-image-title=\"\" data-image-description=\"\" data-image-caption=\"\" data-large-file=\"https:\/\/www.masdeudesign.com\/wp-content\/uploads\/2017\/01\/Parafarm\u00e0cia-Ess\u00e8ncia-1.jpg\" \/>\n\t\t\t<\/dt><\/dl><dl class='gallery-item'>\n\t\t\t<dt class='gallery-icon portrait'>\n\t\t\t\t<img loading=\"lazy\" decoding=\"async\" width=\"300\" height=\"300\" src=\"https:\/\/www.masdeudesign.com\/wp-content\/uploads\/2017\/01\/Parafarm\u00e0cia-Ess\u00e8ncia-2-300x300.jpg\" class=\"attachment-thumbnail size-thumbnail\" alt=\"\" srcset=\"https:\/\/www.masdeudesign.com\/wp-content\/uploads\/2017\/01\/Parafarm\u00e0cia-Ess\u00e8ncia-2-300x300.jpg 300w, https:\/\/www.masdeudesign.com\/wp-content\/uploads\/2017\/01\/Parafarm\u00e0cia-Ess\u00e8ncia-2-50x50.jpg 50w\" sizes=\"auto, (max-width: 300px) 100vw, 300px\" data-attachment-id=\"44\" data-permalink=\"https:\/\/www.masdeudesign.com\/es\/portfolio\/parafarmacia-essencia\/parafarmacia-essencia-2\/\" data-orig-file=\"https:\/\/www.masdeudesign.com\/wp-content\/uploads\/2017\/01\/Parafarm\u00e0cia-Ess\u00e8ncia-2.jpg\" data-orig-size=\"1350,1800\" data-comments-opened=\"0\" data-image-meta=\"{&quot;aperture&quot;:&quot;0&quot;,&quot;credit&quot;:&quot;Mauricio Fuertes&quot;,&quot;camera&quot;:&quot;&quot;,&quot;caption&quot;:&quot;&quot;,&quot;created_timestamp&quot;:&quot;0&quot;,&quot;copyright&quot;:&quot;&quot;,&quot;focal_length&quot;:&quot;0&quot;,&quot;iso&quot;:&quot;0&quot;,&quot;shutter_speed&quot;:&quot;0&quot;,&quot;title&quot;:&quot;&quot;,&quot;orientation&quot;:&quot;1&quot;}\" data-image-title=\"\" data-image-description=\"\" data-image-caption=\"\" data-large-file=\"https:\/\/www.masdeudesign.com\/wp-content\/uploads\/2017\/01\/Parafarm\u00e0cia-Ess\u00e8ncia-2.jpg\" \/>\n\t\t\t<\/dt><\/dl><dl class='gallery-item'>\n\t\t\t<dt class='gallery-icon landscape'>\n\t\t\t\t<img loading=\"lazy\" decoding=\"async\" width=\"300\" height=\"300\" src=\"https:\/\/www.masdeudesign.com\/wp-content\/uploads\/2017\/01\/Parafarm\u00e0cia-Ess\u00e8ncia-3-300x300.jpg\" class=\"attachment-thumbnail size-thumbnail\" alt=\"\" srcset=\"https:\/\/www.masdeudesign.com\/wp-content\/uploads\/2017\/01\/Parafarm\u00e0cia-Ess\u00e8ncia-3-300x300.jpg 300w, https:\/\/www.masdeudesign.com\/wp-content\/uploads\/2017\/01\/Parafarm\u00e0cia-Ess\u00e8ncia-3-50x50.jpg 50w\" sizes=\"auto, (max-width: 300px) 100vw, 300px\" data-attachment-id=\"45\" data-permalink=\"https:\/\/www.masdeudesign.com\/es\/portfolio\/parafarmacia-essencia\/parafarmacia-essencia-3\/\" data-orig-file=\"https:\/\/www.masdeudesign.com\/wp-content\/uploads\/2017\/01\/Parafarm\u00e0cia-Ess\u00e8ncia-3.jpg\" data-orig-size=\"1800,1384\" data-comments-opened=\"0\" data-image-meta=\"{&quot;aperture&quot;:&quot;0&quot;,&quot;credit&quot;:&quot;Mauricio Fuertes&quot;,&quot;camera&quot;:&quot;&quot;,&quot;caption&quot;:&quot;&quot;,&quot;created_timestamp&quot;:&quot;0&quot;,&quot;copyright&quot;:&quot;&quot;,&quot;focal_length&quot;:&quot;0&quot;,&quot;iso&quot;:&quot;0&quot;,&quot;shutter_speed&quot;:&quot;0&quot;,&quot;title&quot;:&quot;&quot;,&quot;orientation&quot;:&quot;1&quot;}\" data-image-title=\"\" data-image-description=\"\" data-image-caption=\"\" data-large-file=\"https:\/\/www.masdeudesign.com\/wp-content\/uploads\/2017\/01\/Parafarm\u00e0cia-Ess\u00e8ncia-3.jpg\" \/>\n\t\t\t<\/dt><\/dl><dl class='gallery-item'>\n\t\t\t<dt class='gallery-icon portrait'>\n\t\t\t\t<img loading=\"lazy\" decoding=\"async\" width=\"300\" height=\"300\" src=\"https:\/\/www.masdeudesign.com\/wp-content\/uploads\/2017\/01\/Parafarm\u00e0cia-Ess\u00e8ncia-4-300x300.jpg\" class=\"attachment-thumbnail size-thumbnail\" alt=\"\" srcset=\"https:\/\/www.masdeudesign.com\/wp-content\/uploads\/2017\/01\/Parafarm\u00e0cia-Ess\u00e8ncia-4-300x300.jpg 300w, https:\/\/www.masdeudesign.com\/wp-content\/uploads\/2017\/01\/Parafarm\u00e0cia-Ess\u00e8ncia-4-50x50.jpg 50w\" sizes=\"auto, (max-width: 300px) 100vw, 300px\" data-attachment-id=\"46\" data-permalink=\"https:\/\/www.masdeudesign.com\/es\/portfolio\/parafarmacia-essencia\/parafarmacia-essencia-4\/\" data-orig-file=\"https:\/\/www.masdeudesign.com\/wp-content\/uploads\/2017\/01\/Parafarm\u00e0cia-Ess\u00e8ncia-4.jpg\" data-orig-size=\"1350,1800\" data-comments-opened=\"0\" data-image-meta=\"{&quot;aperture&quot;:&quot;0&quot;,&quot;credit&quot;:&quot;Mauricio Fuertes&quot;,&quot;camera&quot;:&quot;&quot;,&quot;caption&quot;:&quot;&quot;,&quot;created_timestamp&quot;:&quot;0&quot;,&quot;copyright&quot;:&quot;&quot;,&quot;focal_length&quot;:&quot;0&quot;,&quot;iso&quot;:&quot;0&quot;,&quot;shutter_speed&quot;:&quot;0&quot;,&quot;title&quot;:&quot;&quot;,&quot;orientation&quot;:&quot;1&quot;}\" data-image-title=\"\" data-image-description=\"\" data-image-caption=\"\" data-large-file=\"https:\/\/www.masdeudesign.com\/wp-content\/uploads\/2017\/01\/Parafarm\u00e0cia-Ess\u00e8ncia-4.jpg\" \/>\n\t\t\t<\/dt><\/dl><br style=\"clear: both\" \/><dl class='gallery-item'>\n\t\t\t<dt class='gallery-icon portrait'>\n\t\t\t\t<img loading=\"lazy\" decoding=\"async\" width=\"300\" height=\"300\" src=\"https:\/\/www.masdeudesign.com\/wp-content\/uploads\/2017\/01\/Parafarm\u00e0cia-Ess\u00e8ncia-5-300x300.jpg\" class=\"attachment-thumbnail size-thumbnail\" alt=\"\" srcset=\"https:\/\/www.masdeudesign.com\/wp-content\/uploads\/2017\/01\/Parafarm\u00e0cia-Ess\u00e8ncia-5-300x300.jpg 300w, https:\/\/www.masdeudesign.com\/wp-content\/uploads\/2017\/01\/Parafarm\u00e0cia-Ess\u00e8ncia-5-50x50.jpg 50w\" sizes=\"auto, (max-width: 300px) 100vw, 300px\" data-attachment-id=\"47\" data-permalink=\"https:\/\/www.masdeudesign.com\/es\/portfolio\/parafarmacia-essencia\/parafarmacia-essencia-5\/\" data-orig-file=\"https:\/\/www.masdeudesign.com\/wp-content\/uploads\/2017\/01\/Parafarm\u00e0cia-Ess\u00e8ncia-5.jpg\" data-orig-size=\"1280,1800\" data-comments-opened=\"0\" data-image-meta=\"{&quot;aperture&quot;:&quot;0&quot;,&quot;credit&quot;:&quot;Mauricio Fuertes&quot;,&quot;camera&quot;:&quot;&quot;,&quot;caption&quot;:&quot;&quot;,&quot;created_timestamp&quot;:&quot;0&quot;,&quot;copyright&quot;:&quot;&quot;,&quot;focal_length&quot;:&quot;0&quot;,&quot;iso&quot;:&quot;0&quot;,&quot;shutter_speed&quot;:&quot;0&quot;,&quot;title&quot;:&quot;&quot;,&quot;orientation&quot;:&quot;1&quot;}\" data-image-title=\"\" data-image-description=\"\" data-image-caption=\"\" data-large-file=\"https:\/\/www.masdeudesign.com\/wp-content\/uploads\/2017\/01\/Parafarm\u00e0cia-Ess\u00e8ncia-5.jpg\" \/>\n\t\t\t<\/dt><\/dl><dl class='gallery-item'>\n\t\t\t<dt class='gallery-icon landscape'>\n\t\t\t\t<img loading=\"lazy\" decoding=\"async\" width=\"300\" height=\"300\" src=\"https:\/\/www.masdeudesign.com\/wp-content\/uploads\/2017\/01\/Parafarm\u00e0cia-Ess\u00e8ncia-6-300x300.jpg\" class=\"attachment-thumbnail size-thumbnail\" alt=\"\" srcset=\"https:\/\/www.masdeudesign.com\/wp-content\/uploads\/2017\/01\/Parafarm\u00e0cia-Ess\u00e8ncia-6-300x300.jpg 300w, https:\/\/www.masdeudesign.com\/wp-content\/uploads\/2017\/01\/Parafarm\u00e0cia-Ess\u00e8ncia-6-50x50.jpg 50w\" sizes=\"auto, (max-width: 300px) 100vw, 300px\" data-attachment-id=\"48\" data-permalink=\"https:\/\/www.masdeudesign.com\/es\/portfolio\/parafarmacia-essencia\/parafarmacia-essencia-6\/\" data-orig-file=\"https:\/\/www.masdeudesign.com\/wp-content\/uploads\/2017\/01\/Parafarm\u00e0cia-Ess\u00e8ncia-6.jpg\" data-orig-size=\"1800,1350\" data-comments-opened=\"0\" data-image-meta=\"{&quot;aperture&quot;:&quot;0&quot;,&quot;credit&quot;:&quot;Mauricio Fuertes&quot;,&quot;camera&quot;:&quot;&quot;,&quot;caption&quot;:&quot;&quot;,&quot;created_timestamp&quot;:&quot;0&quot;,&quot;copyright&quot;:&quot;&quot;,&quot;focal_length&quot;:&quot;0&quot;,&quot;iso&quot;:&quot;0&quot;,&quot;shutter_speed&quot;:&quot;0&quot;,&quot;title&quot;:&quot;&quot;,&quot;orientation&quot;:&quot;1&quot;}\" data-image-title=\"\" data-image-description=\"\" data-image-caption=\"\" data-large-file=\"https:\/\/www.masdeudesign.com\/wp-content\/uploads\/2017\/01\/Parafarm\u00e0cia-Ess\u00e8ncia-6.jpg\" \/>\n\t\t\t<\/dt><\/dl><dl class='gallery-item'>\n\t\t\t<dt class='gallery-icon portrait'>\n\t\t\t\t<img loading=\"lazy\" decoding=\"async\" width=\"300\" height=\"300\" src=\"https:\/\/www.masdeudesign.com\/wp-content\/uploads\/2017\/01\/Plaf\u00f3-Parafarm\u00e0cia-300x300.jpg\" class=\"attachment-thumbnail size-thumbnail\" alt=\"\" srcset=\"https:\/\/www.masdeudesign.com\/wp-content\/uploads\/2017\/01\/Plaf\u00f3-Parafarm\u00e0cia-300x300.jpg 300w, https:\/\/www.masdeudesign.com\/wp-content\/uploads\/2017\/01\/Plaf\u00f3-Parafarm\u00e0cia-50x50.jpg 50w\" sizes=\"auto, (max-width: 300px) 100vw, 300px\" data-attachment-id=\"226\" data-permalink=\"https:\/\/www.masdeudesign.com\/es\/portfolio\/balneari-respiratori-dr-pros\/cusersalbadesktopsant-cugat-mireiaplafo-informatiu-paraf-2\/\" data-orig-file=\"https:\/\/www.masdeudesign.com\/wp-content\/uploads\/2017\/01\/Plaf\u00f3-Parafarm\u00e0cia.jpg\" data-orig-size=\"1272,1800\" data-comments-opened=\"0\" data-image-meta=\"{&quot;aperture&quot;:&quot;0&quot;,&quot;credit&quot;:&quot;Alba&quot;,&quot;camera&quot;:&quot;&quot;,&quot;caption&quot;:&quot;&quot;,&quot;created_timestamp&quot;:&quot;0&quot;,&quot;copyright&quot;:&quot;&quot;,&quot;focal_length&quot;:&quot;0&quot;,&quot;iso&quot;:&quot;0&quot;,&quot;shutter_speed&quot;:&quot;0&quot;,&quot;title&quot;:&quot;C:UsersAlbaDesktopSant Cugat, MireiaPLAF\\u00d3 INFORMATIU PARAF&quot;,&quot;orientation&quot;:&quot;1&quot;}\" data-image-title=\"\" data-image-description=\"\" data-image-caption=\"\" data-large-file=\"https:\/\/www.masdeudesign.com\/wp-content\/uploads\/2017\/01\/Plaf\u00f3-Parafarm\u00e0cia.jpg\" \/>\n\t\t\t<\/dt><\/dl>\n\t\t\t<br style='clear: both' \/>\n\t\t<\/div>\n\n<\/div>\n<p><\/p>","protected":false},"excerpt":{"rendered":"<p>Cliente | Parafarmacia Ess\u00e8ncia Superf\u00edcie | 70m\u00b2 Any | 2011 Ciutat | Sant Cugat del Vall\u00e8s Fot\u00f3grafo |\u00a0Mauricio Fuertes El objetivo era alejarse de la t\u00edpica imagen as\u00e9ptica de parafarmacia y crear un espacio c\u00e1lido, lleno de luz y de referencias naturales para dar vida a una parafarmacia de medicina natural y alimentaci\u00f3n terap\u00e9utica. Se [&hellip;]<\/p>\n","protected":false},"author":1,"featured_media":245,"comment_status":"closed","ping_status":"closed","template":"","format":"standard","meta":{"footnotes":""},"jetpack-portfolio-type":[5],"jetpack-portfolio-tag":[],"class_list":["post-42","jetpack-portfolio","type-jetpack-portfolio","status-publish","format-standard","has-post-thumbnail","hentry","jetpack-portfolio-type-comercial"],"jetpack_sharing_enabled":true,"_links":{"self":[{"href":"https:\/\/www.masdeudesign.com\/es\/wp-json\/wp\/v2\/jetpack-portfolio\/42","targetHints":{"allow":["GET"]}}],"collection":[{"href":"https:\/\/www.masdeudesign.com\/es\/wp-json\/wp\/v2\/jetpack-portfolio"}],"about":[{"href":"https:\/\/www.masdeudesign.com\/es\/wp-json\/wp\/v2\/types\/jetpack-portfolio"}],"author":[{"embeddable":true,"href":"https:\/\/www.masdeudesign.com\/es\/wp-json\/wp\/v2\/users\/1"}],"replies":[{"embeddable":true,"href":"https:\/\/www.masdeudesign.com\/es\/wp-json\/wp\/v2\/comments?post=42"}],"version-history":[{"count":0,"href":"https:\/\/www.masdeudesign.com\/es\/wp-json\/wp\/v2\/jetpack-portfolio\/42\/revisions"}],"wp:featuredmedia":[{"embeddable":true,"href":"https:\/\/www.masdeudesign.com\/es\/wp-json\/wp\/v2\/media\/245"}],"wp:attachment":[{"href":"https:\/\/www.masdeudesign.com\/es\/wp-json\/wp\/v2\/media?parent=42"}],"wp:term":[{"taxonomy":"jetpack-portfolio-type","embeddable":true,"href":"https:\/\/www.masdeudesign.com\/es\/wp-json\/wp\/v2\/jetpack-portfolio-type?post=42"},{"taxonomy":"jetpack-portfolio-tag","embeddable":true,"href":"https:\/\/www.masdeudesign.com\/es\/wp-json\/wp\/v2\/jetpack-portfolio-tag?post=42"}],"curies":[{"name":"wp","href":"https:\/\/api.w.org\/{rel}","templated":true}]}}