{"id":382,"date":"2014-06-01T11:11:20","date_gmt":"2014-06-01T11:11:20","guid":{"rendered":"https:\/\/www.masdeudesign.com\/?post_type=jetpack-portfolio&#038;p=382"},"modified":"2017-09-07T14:21:03","modified_gmt":"2017-09-07T12:21:03","slug":"cuina-mejador-i-bany-de-vivenda-a-sant-cugat-del-valles","status":"publish","type":"jetpack-portfolio","link":"https:\/\/www.masdeudesign.com\/es\/portfolio\/cuina-mejador-i-bany-de-vivenda-a-sant-cugat-del-valles\/","title":{"rendered":"cocina &#8211; comedor y ba\u00f1o de vivenda en Sant Cugat del Vall\u00e8s"},"content":{"rendered":"<p><\/p>\n<div class=\"wide-content\" style=\"text-align: left;\">\n<p><img loading=\"lazy\" decoding=\"async\" data-attachment-id=\"384\" data-permalink=\"https:\/\/www.masdeudesign.com\/es\/portfolio\/cuina-mejador-i-bany-de-vivenda-a-sant-cugat-del-valles\/whats-63-2\/\" data-orig-file=\"https:\/\/www.masdeudesign.com\/wp-content\/uploads\/2017\/01\/WHATS-63-1.jpg\" data-orig-size=\"1800,1350\" data-comments-opened=\"0\" data-image-meta=\"{&quot;aperture&quot;:&quot;0&quot;,&quot;credit&quot;:&quot;&quot;,&quot;camera&quot;:&quot;&quot;,&quot;caption&quot;:&quot;&quot;,&quot;created_timestamp&quot;:&quot;0&quot;,&quot;copyright&quot;:&quot;&quot;,&quot;focal_length&quot;:&quot;0&quot;,&quot;iso&quot;:&quot;0&quot;,&quot;shutter_speed&quot;:&quot;0&quot;,&quot;title&quot;:&quot;&quot;,&quot;orientation&quot;:&quot;1&quot;}\" data-image-title=\"WHATS (63)\" data-image-description=\"\" data-image-caption=\"\" data-large-file=\"https:\/\/www.masdeudesign.com\/wp-content\/uploads\/2017\/01\/WHATS-63-1.jpg\" class=\"size-full wp-image-384 alignleft\" src=\"http:\/\/masdeudesign.com\/wordpress\/wp-content\/uploads\/2017\/01\/WHATS-63-1.jpg\" alt=\"WHATS (63)\" width=\"1800\" height=\"1350\" srcset=\"https:\/\/www.masdeudesign.com\/wp-content\/uploads\/2017\/01\/WHATS-63-1.jpg 1800w, https:\/\/www.masdeudesign.com\/wp-content\/uploads\/2017\/01\/WHATS-63-1-600x450.jpg 600w, https:\/\/www.masdeudesign.com\/wp-content\/uploads\/2017\/01\/WHATS-63-1-768x576.jpg 768w\" sizes=\"auto, (max-width: 1800px) 100vw, 1800px\" \/><\/p>\n<p>Cliente | <strong>Particular<\/strong><br \/>\nSuperficie | <strong>76m\u00b2<\/strong><br \/>\nA\u00f1o | <strong>2014<\/strong><br \/>\nCiudad | <strong>Sant Cugat del Vall\u00e8s<\/strong><\/p>\n<p style=\"text-align: justify;\">El encargo fue crear una cafeter\u00eda con zona infantil\u00a0en un\u00a0local de\u00a0planta alargada y tubular. Se aprovecharon estas caracter\u00edsticas para dividir el espacio en 3 zonas diferenciadas por sus funciones (cafeter\u00eda, servicios y zona infantil). La cafeter\u00eda se ubic\u00f3 en la zona de grandes ventanales mientras que la zona infantil se traslad\u00f3 al final del local.\u00a0Se colocaron\u00a0unas grandes telas estampadas enmarcadas en la pared en la zona de cafeter\u00eda, que ten\u00edan la doble funci\u00f3n de ocultar paneles fonoabsorbentes para mejorar la ac\u00fastica del local de techos abovedados y a la vez crear una fuerte imagen gr\u00e1fica.\u00a0Estos mismos estampados se repitieron en los sobres de las mesas y en la gr\u00e1fica de todo el local.\u00a0Roble, DM pintado, ventanales de hierro, pavimento de caucho en la zona infantil y pasta de agarre, fueron los materiales utilizados en el local\u00a0para crear\u00a0una cafeter\u00eda con personalidad y con\u00a0fuerte imagen visual.<\/p>\n<p>&nbsp;<\/p>\n<div data-carousel-extra='{&quot;blog_id&quot;:1,&quot;permalink&quot;:&quot;https:\/\/www.masdeudesign.com\/es\/portfolio\/cuina-mejador-i-bany-de-vivenda-a-sant-cugat-del-valles\/&quot;}' id='gallery-4' class='gallery galleryid-382 gallery-columns-4 gallery-size-thumbnail'><dl class='gallery-item'>\n\t\t\t<dt class='gallery-icon landscape'>\n\t\t\t\t<img loading=\"lazy\" decoding=\"async\" width=\"300\" height=\"300\" src=\"https:\/\/www.masdeudesign.com\/wp-content\/uploads\/2017\/01\/WHATS-59-300x300.jpg\" class=\"attachment-thumbnail size-thumbnail\" alt=\"\" srcset=\"https:\/\/www.masdeudesign.com\/wp-content\/uploads\/2017\/01\/WHATS-59-300x300.jpg 300w, https:\/\/www.masdeudesign.com\/wp-content\/uploads\/2017\/01\/WHATS-59-50x50.jpg 50w\" sizes=\"auto, (max-width: 300px) 100vw, 300px\" data-attachment-id=\"387\" data-permalink=\"https:\/\/www.masdeudesign.com\/es\/portfolio\/cuina-mejador-i-bany-de-vivenda-a-sant-cugat-del-valles\/whats-59\/\" data-orig-file=\"https:\/\/www.masdeudesign.com\/wp-content\/uploads\/2017\/01\/WHATS-59.jpg\" data-orig-size=\"1800,1350\" data-comments-opened=\"0\" data-image-meta=\"{&quot;aperture&quot;:&quot;0&quot;,&quot;credit&quot;:&quot;&quot;,&quot;camera&quot;:&quot;&quot;,&quot;caption&quot;:&quot;&quot;,&quot;created_timestamp&quot;:&quot;0&quot;,&quot;copyright&quot;:&quot;&quot;,&quot;focal_length&quot;:&quot;0&quot;,&quot;iso&quot;:&quot;0&quot;,&quot;shutter_speed&quot;:&quot;0&quot;,&quot;title&quot;:&quot;&quot;,&quot;orientation&quot;:&quot;1&quot;}\" data-image-title=\"\" data-image-description=\"\" data-image-caption=\"\" data-large-file=\"https:\/\/www.masdeudesign.com\/wp-content\/uploads\/2017\/01\/WHATS-59.jpg\" \/>\n\t\t\t<\/dt><\/dl><dl class='gallery-item'>\n\t\t\t<dt class='gallery-icon landscape'>\n\t\t\t\t<img loading=\"lazy\" decoding=\"async\" width=\"300\" height=\"300\" src=\"https:\/\/www.masdeudesign.com\/wp-content\/uploads\/2017\/01\/WHATS-58-300x300.jpg\" class=\"attachment-thumbnail size-thumbnail\" alt=\"\" srcset=\"https:\/\/www.masdeudesign.com\/wp-content\/uploads\/2017\/01\/WHATS-58-300x300.jpg 300w, https:\/\/www.masdeudesign.com\/wp-content\/uploads\/2017\/01\/WHATS-58-50x50.jpg 50w\" sizes=\"auto, (max-width: 300px) 100vw, 300px\" data-attachment-id=\"386\" data-permalink=\"https:\/\/www.masdeudesign.com\/es\/portfolio\/cuina-mejador-i-bany-de-vivenda-a-sant-cugat-del-valles\/whats-58\/\" data-orig-file=\"https:\/\/www.masdeudesign.com\/wp-content\/uploads\/2017\/01\/WHATS-58.jpg\" data-orig-size=\"1800,1350\" data-comments-opened=\"0\" data-image-meta=\"{&quot;aperture&quot;:&quot;0&quot;,&quot;credit&quot;:&quot;&quot;,&quot;camera&quot;:&quot;&quot;,&quot;caption&quot;:&quot;&quot;,&quot;created_timestamp&quot;:&quot;0&quot;,&quot;copyright&quot;:&quot;&quot;,&quot;focal_length&quot;:&quot;0&quot;,&quot;iso&quot;:&quot;0&quot;,&quot;shutter_speed&quot;:&quot;0&quot;,&quot;title&quot;:&quot;&quot;,&quot;orientation&quot;:&quot;1&quot;}\" data-image-title=\"\" data-image-description=\"\" data-image-caption=\"\" data-large-file=\"https:\/\/www.masdeudesign.com\/wp-content\/uploads\/2017\/01\/WHATS-58.jpg\" \/>\n\t\t\t<\/dt><\/dl><dl class='gallery-item'>\n\t\t\t<dt class='gallery-icon landscape'>\n\t\t\t\t<img loading=\"lazy\" decoding=\"async\" width=\"300\" height=\"300\" src=\"https:\/\/www.masdeudesign.com\/wp-content\/uploads\/2017\/01\/WHATS-64-300x300.jpg\" class=\"attachment-thumbnail size-thumbnail\" alt=\"\" srcset=\"https:\/\/www.masdeudesign.com\/wp-content\/uploads\/2017\/01\/WHATS-64-300x300.jpg 300w, https:\/\/www.masdeudesign.com\/wp-content\/uploads\/2017\/01\/WHATS-64-50x50.jpg 50w\" sizes=\"auto, (max-width: 300px) 100vw, 300px\" data-attachment-id=\"390\" data-permalink=\"https:\/\/www.masdeudesign.com\/es\/portfolio\/cuina-mejador-i-bany-de-vivenda-a-sant-cugat-del-valles\/whats-64\/\" data-orig-file=\"https:\/\/www.masdeudesign.com\/wp-content\/uploads\/2017\/01\/WHATS-64.jpg\" data-orig-size=\"1800,1350\" data-comments-opened=\"0\" data-image-meta=\"{&quot;aperture&quot;:&quot;0&quot;,&quot;credit&quot;:&quot;&quot;,&quot;camera&quot;:&quot;&quot;,&quot;caption&quot;:&quot;&quot;,&quot;created_timestamp&quot;:&quot;0&quot;,&quot;copyright&quot;:&quot;&quot;,&quot;focal_length&quot;:&quot;0&quot;,&quot;iso&quot;:&quot;0&quot;,&quot;shutter_speed&quot;:&quot;0&quot;,&quot;title&quot;:&quot;&quot;,&quot;orientation&quot;:&quot;1&quot;}\" data-image-title=\"\" data-image-description=\"\" data-image-caption=\"\" data-large-file=\"https:\/\/www.masdeudesign.com\/wp-content\/uploads\/2017\/01\/WHATS-64.jpg\" \/>\n\t\t\t<\/dt><\/dl><dl class='gallery-item'>\n\t\t\t<dt class='gallery-icon landscape'>\n\t\t\t\t<img loading=\"lazy\" decoding=\"async\" width=\"300\" height=\"300\" src=\"https:\/\/www.masdeudesign.com\/wp-content\/uploads\/2017\/01\/WHATS-63-2-300x300.jpg\" class=\"attachment-thumbnail size-thumbnail\" alt=\"\" srcset=\"https:\/\/www.masdeudesign.com\/wp-content\/uploads\/2017\/01\/WHATS-63-2-300x300.jpg 300w, https:\/\/www.masdeudesign.com\/wp-content\/uploads\/2017\/01\/WHATS-63-2-50x50.jpg 50w\" sizes=\"auto, (max-width: 300px) 100vw, 300px\" data-attachment-id=\"389\" data-permalink=\"https:\/\/www.masdeudesign.com\/es\/portfolio\/cuina-mejador-i-bany-de-vivenda-a-sant-cugat-del-valles\/whats-63-3\/\" data-orig-file=\"https:\/\/www.masdeudesign.com\/wp-content\/uploads\/2017\/01\/WHATS-63-2.jpg\" data-orig-size=\"1800,1350\" data-comments-opened=\"0\" data-image-meta=\"{&quot;aperture&quot;:&quot;0&quot;,&quot;credit&quot;:&quot;&quot;,&quot;camera&quot;:&quot;&quot;,&quot;caption&quot;:&quot;&quot;,&quot;created_timestamp&quot;:&quot;0&quot;,&quot;copyright&quot;:&quot;&quot;,&quot;focal_length&quot;:&quot;0&quot;,&quot;iso&quot;:&quot;0&quot;,&quot;shutter_speed&quot;:&quot;0&quot;,&quot;title&quot;:&quot;&quot;,&quot;orientation&quot;:&quot;1&quot;}\" data-image-title=\"\" data-image-description=\"\" data-image-caption=\"\" data-large-file=\"https:\/\/www.masdeudesign.com\/wp-content\/uploads\/2017\/01\/WHATS-63-2.jpg\" \/>\n\t\t\t<\/dt><\/dl><br style=\"clear: both\" \/><dl class='gallery-item'>\n\t\t\t<dt class='gallery-icon landscape'>\n\t\t\t\t<img loading=\"lazy\" decoding=\"async\" width=\"300\" height=\"300\" src=\"https:\/\/www.masdeudesign.com\/wp-content\/uploads\/2017\/01\/WHATS-61-300x300.jpg\" class=\"attachment-thumbnail size-thumbnail\" alt=\"\" srcset=\"https:\/\/www.masdeudesign.com\/wp-content\/uploads\/2017\/01\/WHATS-61-300x300.jpg 300w, https:\/\/www.masdeudesign.com\/wp-content\/uploads\/2017\/01\/WHATS-61-50x50.jpg 50w\" sizes=\"auto, (max-width: 300px) 100vw, 300px\" data-attachment-id=\"388\" data-permalink=\"https:\/\/www.masdeudesign.com\/es\/portfolio\/cuina-mejador-i-bany-de-vivenda-a-sant-cugat-del-valles\/whats-61\/\" data-orig-file=\"https:\/\/www.masdeudesign.com\/wp-content\/uploads\/2017\/01\/WHATS-61.jpg\" data-orig-size=\"1800,1350\" data-comments-opened=\"0\" data-image-meta=\"{&quot;aperture&quot;:&quot;0&quot;,&quot;credit&quot;:&quot;&quot;,&quot;camera&quot;:&quot;&quot;,&quot;caption&quot;:&quot;&quot;,&quot;created_timestamp&quot;:&quot;0&quot;,&quot;copyright&quot;:&quot;&quot;,&quot;focal_length&quot;:&quot;0&quot;,&quot;iso&quot;:&quot;0&quot;,&quot;shutter_speed&quot;:&quot;0&quot;,&quot;title&quot;:&quot;&quot;,&quot;orientation&quot;:&quot;1&quot;}\" data-image-title=\"\" data-image-description=\"\" data-image-caption=\"\" data-large-file=\"https:\/\/www.masdeudesign.com\/wp-content\/uploads\/2017\/01\/WHATS-61.jpg\" \/>\n\t\t\t<\/dt><\/dl><dl class='gallery-item'>\n\t\t\t<dt class='gallery-icon landscape'>\n\t\t\t\t<img loading=\"lazy\" decoding=\"async\" width=\"300\" height=\"300\" src=\"https:\/\/www.masdeudesign.com\/wp-content\/uploads\/2017\/01\/WHATS-65-300x300.jpg\" class=\"attachment-thumbnail size-thumbnail\" alt=\"\" srcset=\"https:\/\/www.masdeudesign.com\/wp-content\/uploads\/2017\/01\/WHATS-65-300x300.jpg 300w, https:\/\/www.masdeudesign.com\/wp-content\/uploads\/2017\/01\/WHATS-65-50x50.jpg 50w\" sizes=\"auto, (max-width: 300px) 100vw, 300px\" data-attachment-id=\"391\" data-permalink=\"https:\/\/www.masdeudesign.com\/es\/portfolio\/cuina-mejador-i-bany-de-vivenda-a-sant-cugat-del-valles\/whats-65\/\" data-orig-file=\"https:\/\/www.masdeudesign.com\/wp-content\/uploads\/2017\/01\/WHATS-65.jpg\" data-orig-size=\"1800,1444\" data-comments-opened=\"0\" data-image-meta=\"{&quot;aperture&quot;:&quot;0&quot;,&quot;credit&quot;:&quot;&quot;,&quot;camera&quot;:&quot;&quot;,&quot;caption&quot;:&quot;&quot;,&quot;created_timestamp&quot;:&quot;0&quot;,&quot;copyright&quot;:&quot;&quot;,&quot;focal_length&quot;:&quot;0&quot;,&quot;iso&quot;:&quot;0&quot;,&quot;shutter_speed&quot;:&quot;0&quot;,&quot;title&quot;:&quot;&quot;,&quot;orientation&quot;:&quot;1&quot;}\" data-image-title=\"\" data-image-description=\"\" data-image-caption=\"\" data-large-file=\"https:\/\/www.masdeudesign.com\/wp-content\/uploads\/2017\/01\/WHATS-65.jpg\" \/>\n\t\t\t<\/dt><\/dl><dl class='gallery-item'>\n\t\t\t<dt class='gallery-icon landscape'>\n\t\t\t\t<img loading=\"lazy\" decoding=\"async\" width=\"300\" height=\"300\" src=\"https:\/\/www.masdeudesign.com\/wp-content\/uploads\/2017\/01\/WHATS-66-300x300.jpg\" class=\"attachment-thumbnail size-thumbnail\" alt=\"\" srcset=\"https:\/\/www.masdeudesign.com\/wp-content\/uploads\/2017\/01\/WHATS-66-300x300.jpg 300w, https:\/\/www.masdeudesign.com\/wp-content\/uploads\/2017\/01\/WHATS-66-50x50.jpg 50w\" sizes=\"auto, (max-width: 300px) 100vw, 300px\" data-attachment-id=\"392\" data-permalink=\"https:\/\/www.masdeudesign.com\/es\/portfolio\/cuina-mejador-i-bany-de-vivenda-a-sant-cugat-del-valles\/whats-66\/\" data-orig-file=\"https:\/\/www.masdeudesign.com\/wp-content\/uploads\/2017\/01\/WHATS-66.jpg\" data-orig-size=\"1800,1350\" data-comments-opened=\"0\" data-image-meta=\"{&quot;aperture&quot;:&quot;0&quot;,&quot;credit&quot;:&quot;&quot;,&quot;camera&quot;:&quot;&quot;,&quot;caption&quot;:&quot;&quot;,&quot;created_timestamp&quot;:&quot;0&quot;,&quot;copyright&quot;:&quot;&quot;,&quot;focal_length&quot;:&quot;0&quot;,&quot;iso&quot;:&quot;0&quot;,&quot;shutter_speed&quot;:&quot;0&quot;,&quot;title&quot;:&quot;&quot;,&quot;orientation&quot;:&quot;1&quot;}\" data-image-title=\"\" data-image-description=\"\" data-image-caption=\"\" data-large-file=\"https:\/\/www.masdeudesign.com\/wp-content\/uploads\/2017\/01\/WHATS-66.jpg\" \/>\n\t\t\t<\/dt><\/dl><dl class='gallery-item'>\n\t\t\t<dt class='gallery-icon landscape'>\n\t\t\t\t<img loading=\"lazy\" decoding=\"async\" width=\"300\" height=\"300\" src=\"https:\/\/www.masdeudesign.com\/wp-content\/uploads\/2017\/01\/Planta-Vivenda-300x300.jpg\" class=\"attachment-thumbnail size-thumbnail\" alt=\"\" srcset=\"https:\/\/www.masdeudesign.com\/wp-content\/uploads\/2017\/01\/Planta-Vivenda-300x300.jpg 300w, https:\/\/www.masdeudesign.com\/wp-content\/uploads\/2017\/01\/Planta-Vivenda-50x50.jpg 50w\" sizes=\"auto, (max-width: 300px) 100vw, 300px\" data-attachment-id=\"393\" data-permalink=\"https:\/\/www.masdeudesign.com\/es\/portfolio\/cuina-mejador-i-bany-de-vivenda-a-sant-cugat-del-valles\/proposta-2\/\" data-orig-file=\"https:\/\/www.masdeudesign.com\/wp-content\/uploads\/2017\/01\/Planta-Vivenda.jpg\" data-orig-size=\"1800,1069\" data-comments-opened=\"0\" data-image-meta=\"{&quot;aperture&quot;:&quot;0&quot;,&quot;credit&quot;:&quot;&quot;,&quot;camera&quot;:&quot;&quot;,&quot;caption&quot;:&quot;&quot;,&quot;created_timestamp&quot;:&quot;0&quot;,&quot;copyright&quot;:&quot;&quot;,&quot;focal_length&quot;:&quot;0&quot;,&quot;iso&quot;:&quot;0&quot;,&quot;shutter_speed&quot;:&quot;0&quot;,&quot;title&quot;:&quot;Proposta&quot;,&quot;orientation&quot;:&quot;1&quot;}\" data-image-title=\"\" data-image-description=\"\" data-image-caption=\"\" data-large-file=\"https:\/\/www.masdeudesign.com\/wp-content\/uploads\/2017\/01\/Planta-Vivenda.jpg\" \/>\n\t\t\t<\/dt><\/dl><br style=\"clear: both\" \/>\n\t\t<\/div>\n\n<\/div>\n<p><\/p>","protected":false},"excerpt":{"rendered":"<p>Cliente | Particular Superficie | 76m\u00b2 A\u00f1o | 2014 Ciudad | Sant Cugat del Vall\u00e8s El encargo fue crear una cafeter\u00eda con zona infantil\u00a0en un\u00a0local de\u00a0planta alargada y tubular. Se aprovecharon estas caracter\u00edsticas para dividir el espacio en 3 zonas diferenciadas por sus funciones (cafeter\u00eda, servicios y zona infantil). La cafeter\u00eda se ubic\u00f3 en la [&hellip;]<\/p>\n","protected":false},"author":1,"featured_media":394,"comment_status":"closed","ping_status":"closed","template":"","format":"standard","meta":{"footnotes":""},"jetpack-portfolio-type":[8],"jetpack-portfolio-tag":[],"class_list":["post-382","jetpack-portfolio","type-jetpack-portfolio","status-publish","format-standard","has-post-thumbnail","hentry","jetpack-portfolio-type-residencial_"],"jetpack_sharing_enabled":true,"_links":{"self":[{"href":"https:\/\/www.masdeudesign.com\/es\/wp-json\/wp\/v2\/jetpack-portfolio\/382","targetHints":{"allow":["GET"]}}],"collection":[{"href":"https:\/\/www.masdeudesign.com\/es\/wp-json\/wp\/v2\/jetpack-portfolio"}],"about":[{"href":"https:\/\/www.masdeudesign.com\/es\/wp-json\/wp\/v2\/types\/jetpack-portfolio"}],"author":[{"embeddable":true,"href":"https:\/\/www.masdeudesign.com\/es\/wp-json\/wp\/v2\/users\/1"}],"replies":[{"embeddable":true,"href":"https:\/\/www.masdeudesign.com\/es\/wp-json\/wp\/v2\/comments?post=382"}],"version-history":[{"count":0,"href":"https:\/\/www.masdeudesign.com\/es\/wp-json\/wp\/v2\/jetpack-portfolio\/382\/revisions"}],"wp:featuredmedia":[{"embeddable":true,"href":"https:\/\/www.masdeudesign.com\/es\/wp-json\/wp\/v2\/media\/394"}],"wp:attachment":[{"href":"https:\/\/www.masdeudesign.com\/es\/wp-json\/wp\/v2\/media?parent=382"}],"wp:term":[{"taxonomy":"jetpack-portfolio-type","embeddable":true,"href":"https:\/\/www.masdeudesign.com\/es\/wp-json\/wp\/v2\/jetpack-portfolio-type?post=382"},{"taxonomy":"jetpack-portfolio-tag","embeddable":true,"href":"https:\/\/www.masdeudesign.com\/es\/wp-json\/wp\/v2\/jetpack-portfolio-tag?post=382"}],"curies":[{"name":"wp","href":"https:\/\/api.w.org\/{rel}","templated":true}]}}