{"id":272,"date":"2016-06-01T11:44:23","date_gmt":"2016-06-01T11:44:23","guid":{"rendered":"https:\/\/www.masdeudesign.com\/?post_type=jetpack-portfolio&#038;p=272"},"modified":"2017-09-07T14:01:31","modified_gmt":"2017-09-07T12:01:31","slug":"reforma-carrer-borrell-a-barcelona","status":"publish","type":"jetpack-portfolio","link":"https:\/\/www.masdeudesign.com\/es\/portfolio\/reforma-carrer-borrell-a-barcelona\/","title":{"rendered":"reforma Calle Borrell en Barcelona"},"content":{"rendered":"<p><\/p>\n<div class=\"wide-content\" style=\"text-align: left;\">\n<p><img loading=\"lazy\" decoding=\"async\" data-attachment-id=\"273\" data-permalink=\"https:\/\/www.masdeudesign.com\/es\/portfolio\/reforma-carrer-borrell-a-barcelona\/19-copia2\/\" data-orig-file=\"https:\/\/www.masdeudesign.com\/wp-content\/uploads\/2017\/01\/19-copia2.jpg\" data-orig-size=\"1800,1404\" data-comments-opened=\"0\" data-image-meta=\"{&quot;aperture&quot;:&quot;0&quot;,&quot;credit&quot;:&quot;&quot;,&quot;camera&quot;:&quot;&quot;,&quot;caption&quot;:&quot;&quot;,&quot;created_timestamp&quot;:&quot;0&quot;,&quot;copyright&quot;:&quot;&quot;,&quot;focal_length&quot;:&quot;0&quot;,&quot;iso&quot;:&quot;0&quot;,&quot;shutter_speed&quot;:&quot;0&quot;,&quot;title&quot;:&quot;&quot;,&quot;orientation&quot;:&quot;1&quot;}\" data-image-title=\"19 copia2\" data-image-description=\"\" data-image-caption=\"\" data-large-file=\"https:\/\/www.masdeudesign.com\/wp-content\/uploads\/2017\/01\/19-copia2.jpg\" class=\"size-medium wp-image-273 alignleft\" src=\"http:\/\/masdeudesign.com\/wordpress\/wp-content\/uploads\/2017\/01\/19-copia2-600x468.jpg\" alt=\"19 copia2\" width=\"600\" height=\"468\" srcset=\"https:\/\/www.masdeudesign.com\/wp-content\/uploads\/2017\/01\/19-copia2-600x468.jpg 600w, https:\/\/www.masdeudesign.com\/wp-content\/uploads\/2017\/01\/19-copia2-768x599.jpg 768w, https:\/\/www.masdeudesign.com\/wp-content\/uploads\/2017\/01\/19-copia2-100x78.jpg 100w, https:\/\/www.masdeudesign.com\/wp-content\/uploads\/2017\/01\/19-copia2-150x117.jpg 150w, https:\/\/www.masdeudesign.com\/wp-content\/uploads\/2017\/01\/19-copia2-200x156.jpg 200w, https:\/\/www.masdeudesign.com\/wp-content\/uploads\/2017\/01\/19-copia2-300x234.jpg 300w, https:\/\/www.masdeudesign.com\/wp-content\/uploads\/2017\/01\/19-copia2-450x351.jpg 450w, https:\/\/www.masdeudesign.com\/wp-content\/uploads\/2017\/01\/19-copia2-900x702.jpg 900w, https:\/\/www.masdeudesign.com\/wp-content\/uploads\/2017\/01\/19-copia2.jpg 1800w\" sizes=\"auto, (max-width: 600px) 100vw, 600px\" \/><\/p>\n<p style=\"text-align: justify;\">Cliente | <strong>Cliente Particular<\/strong><br \/>\nSuperficie | <strong>111,55<\/strong><strong>m\u00b2<\/strong><br \/>\nA\u00f1o | <strong>2016<\/strong><br \/>\nCiudad | <strong>Barcelona<\/strong><\/p>\n<p style=\"text-align: justify;\">Se reform\u00f3 toda la vivienda para adaptase a las nuevas necesidades de la propiedad con el objetivo de ganar la m\u00e1xima luz natural, crear espacios di\u00e1fanos y amplios y priorizar las zonas comunes y de descanso. Se reorganiz\u00f3 toda la distribuci\u00f3n interior eliminando pasillos estrechos y abriendo los espacios al exterior. Todos los muebles se dise\u00f1aron a medida para ganar espacio de almacenaje y se pintaron del mismo tono que las paredes para integrarlos en el espacio. La zona de estar se dividi\u00f3 en zona de lectura con unos grandes estantes iluminados, zona de comedor y zona de descanso con sof\u00e1s, a la vez de conseguir integrar el estudio al sal\u00f3n mediante un gran ventanal. Un gran mueble hecho a medida conecta la zona comuna de la privada, separ\u00e1ndolos \u00fanicamente por una gran puerta corredera. En el dormitorio suite se integr\u00f3 un ba\u00f1o y un vestidor con iluminaci\u00f3n indirecta. Todo el piso se pint\u00f3 de color piedra, incluyendo todo el mobiliario para potenciar la luz natural y el pavimento se opt\u00f3 por un parquet natural de roble, aportando el toque c\u00e1lido.<\/p>\n<div data-carousel-extra='{&quot;blog_id&quot;:1,&quot;permalink&quot;:&quot;https:\/\/www.masdeudesign.com\/es\/portfolio\/reforma-carrer-borrell-a-barcelona\/&quot;}' id='gallery-4' class='gallery galleryid-272 gallery-columns-4 gallery-size-thumbnail'><dl class='gallery-item'>\n\t\t\t<dt class='gallery-icon landscape'>\n\t\t\t\t<img loading=\"lazy\" decoding=\"async\" width=\"300\" height=\"300\" src=\"https:\/\/www.masdeudesign.com\/wp-content\/uploads\/2017\/01\/19-copia2-1-300x300.jpg\" class=\"attachment-thumbnail size-thumbnail\" alt=\"\" srcset=\"https:\/\/www.masdeudesign.com\/wp-content\/uploads\/2017\/01\/19-copia2-1-300x300.jpg 300w, https:\/\/www.masdeudesign.com\/wp-content\/uploads\/2017\/01\/19-copia2-1-50x50.jpg 50w\" sizes=\"auto, (max-width: 300px) 100vw, 300px\" data-attachment-id=\"274\" data-permalink=\"https:\/\/www.masdeudesign.com\/es\/portfolio\/reforma-carrer-borrell-a-barcelona\/19-copia2-2\/\" data-orig-file=\"https:\/\/www.masdeudesign.com\/wp-content\/uploads\/2017\/01\/19-copia2-1.jpg\" data-orig-size=\"1800,1404\" data-comments-opened=\"0\" data-image-meta=\"{&quot;aperture&quot;:&quot;0&quot;,&quot;credit&quot;:&quot;&quot;,&quot;camera&quot;:&quot;&quot;,&quot;caption&quot;:&quot;&quot;,&quot;created_timestamp&quot;:&quot;0&quot;,&quot;copyright&quot;:&quot;&quot;,&quot;focal_length&quot;:&quot;0&quot;,&quot;iso&quot;:&quot;0&quot;,&quot;shutter_speed&quot;:&quot;0&quot;,&quot;title&quot;:&quot;&quot;,&quot;orientation&quot;:&quot;1&quot;}\" data-image-title=\"\" data-image-description=\"\" data-image-caption=\"\" data-large-file=\"https:\/\/www.masdeudesign.com\/wp-content\/uploads\/2017\/01\/19-copia2-1.jpg\" \/>\n\t\t\t<\/dt><\/dl><dl class='gallery-item'>\n\t\t\t<dt class='gallery-icon landscape'>\n\t\t\t\t<img loading=\"lazy\" decoding=\"async\" width=\"300\" height=\"300\" src=\"https:\/\/www.masdeudesign.com\/wp-content\/uploads\/2017\/01\/25-copia1-300x300.jpg\" class=\"attachment-thumbnail size-thumbnail\" alt=\"\" srcset=\"https:\/\/www.masdeudesign.com\/wp-content\/uploads\/2017\/01\/25-copia1-300x300.jpg 300w, https:\/\/www.masdeudesign.com\/wp-content\/uploads\/2017\/01\/25-copia1-50x50.jpg 50w\" sizes=\"auto, (max-width: 300px) 100vw, 300px\" data-attachment-id=\"276\" data-permalink=\"https:\/\/www.masdeudesign.com\/es\/portfolio\/reforma-carrer-borrell-a-barcelona\/25-copia1\/\" data-orig-file=\"https:\/\/www.masdeudesign.com\/wp-content\/uploads\/2017\/01\/25-copia1.jpg\" data-orig-size=\"1800,1354\" data-comments-opened=\"0\" data-image-meta=\"{&quot;aperture&quot;:&quot;0&quot;,&quot;credit&quot;:&quot;&quot;,&quot;camera&quot;:&quot;&quot;,&quot;caption&quot;:&quot;&quot;,&quot;created_timestamp&quot;:&quot;0&quot;,&quot;copyright&quot;:&quot;&quot;,&quot;focal_length&quot;:&quot;0&quot;,&quot;iso&quot;:&quot;0&quot;,&quot;shutter_speed&quot;:&quot;0&quot;,&quot;title&quot;:&quot;&quot;,&quot;orientation&quot;:&quot;1&quot;}\" data-image-title=\"\" data-image-description=\"\" data-image-caption=\"\" data-large-file=\"https:\/\/www.masdeudesign.com\/wp-content\/uploads\/2017\/01\/25-copia1.jpg\" \/>\n\t\t\t<\/dt><\/dl><dl class='gallery-item'>\n\t\t\t<dt class='gallery-icon landscape'>\n\t\t\t\t<img loading=\"lazy\" decoding=\"async\" width=\"300\" height=\"300\" src=\"https:\/\/www.masdeudesign.com\/wp-content\/uploads\/2017\/01\/22-copia1-300x300.jpg\" class=\"attachment-thumbnail size-thumbnail\" alt=\"\" srcset=\"https:\/\/www.masdeudesign.com\/wp-content\/uploads\/2017\/01\/22-copia1-300x300.jpg 300w, https:\/\/www.masdeudesign.com\/wp-content\/uploads\/2017\/01\/22-copia1-50x50.jpg 50w\" sizes=\"auto, (max-width: 300px) 100vw, 300px\" data-attachment-id=\"275\" data-permalink=\"https:\/\/www.masdeudesign.com\/es\/portfolio\/reforma-carrer-borrell-a-barcelona\/22-copia1\/\" data-orig-file=\"https:\/\/www.masdeudesign.com\/wp-content\/uploads\/2017\/01\/22-copia1.jpg\" data-orig-size=\"1800,1325\" data-comments-opened=\"0\" data-image-meta=\"{&quot;aperture&quot;:&quot;0&quot;,&quot;credit&quot;:&quot;&quot;,&quot;camera&quot;:&quot;&quot;,&quot;caption&quot;:&quot;&quot;,&quot;created_timestamp&quot;:&quot;0&quot;,&quot;copyright&quot;:&quot;&quot;,&quot;focal_length&quot;:&quot;0&quot;,&quot;iso&quot;:&quot;0&quot;,&quot;shutter_speed&quot;:&quot;0&quot;,&quot;title&quot;:&quot;&quot;,&quot;orientation&quot;:&quot;1&quot;}\" data-image-title=\"\" data-image-description=\"\" data-image-caption=\"\" data-large-file=\"https:\/\/www.masdeudesign.com\/wp-content\/uploads\/2017\/01\/22-copia1.jpg\" \/>\n\t\t\t<\/dt><\/dl><dl class='gallery-item'>\n\t\t\t<dt class='gallery-icon landscape'>\n\t\t\t\t<img loading=\"lazy\" decoding=\"async\" width=\"300\" height=\"300\" src=\"https:\/\/www.masdeudesign.com\/wp-content\/uploads\/2017\/01\/35-copia4-300x300.jpg\" class=\"attachment-thumbnail size-thumbnail\" alt=\"\" srcset=\"https:\/\/www.masdeudesign.com\/wp-content\/uploads\/2017\/01\/35-copia4-300x300.jpg 300w, https:\/\/www.masdeudesign.com\/wp-content\/uploads\/2017\/01\/35-copia4-50x50.jpg 50w\" sizes=\"auto, (max-width: 300px) 100vw, 300px\" data-attachment-id=\"277\" data-permalink=\"https:\/\/www.masdeudesign.com\/es\/portfolio\/reforma-carrer-borrell-a-barcelona\/35-copia4\/\" data-orig-file=\"https:\/\/www.masdeudesign.com\/wp-content\/uploads\/2017\/01\/35-copia4.jpg\" data-orig-size=\"1800,1354\" data-comments-opened=\"0\" data-image-meta=\"{&quot;aperture&quot;:&quot;0&quot;,&quot;credit&quot;:&quot;&quot;,&quot;camera&quot;:&quot;&quot;,&quot;caption&quot;:&quot;&quot;,&quot;created_timestamp&quot;:&quot;0&quot;,&quot;copyright&quot;:&quot;&quot;,&quot;focal_length&quot;:&quot;0&quot;,&quot;iso&quot;:&quot;0&quot;,&quot;shutter_speed&quot;:&quot;0&quot;,&quot;title&quot;:&quot;&quot;,&quot;orientation&quot;:&quot;1&quot;}\" data-image-title=\"\" data-image-description=\"\" data-image-caption=\"\" data-large-file=\"https:\/\/www.masdeudesign.com\/wp-content\/uploads\/2017\/01\/35-copia4.jpg\" \/>\n\t\t\t<\/dt><\/dl><br style=\"clear: both\" \/><dl class='gallery-item'>\n\t\t\t<dt class='gallery-icon portrait'>\n\t\t\t\t<img loading=\"lazy\" decoding=\"async\" width=\"300\" height=\"300\" src=\"https:\/\/www.masdeudesign.com\/wp-content\/uploads\/2017\/01\/38-copia-300x300.jpg\" class=\"attachment-thumbnail size-thumbnail\" alt=\"\" srcset=\"https:\/\/www.masdeudesign.com\/wp-content\/uploads\/2017\/01\/38-copia-300x300.jpg 300w, https:\/\/www.masdeudesign.com\/wp-content\/uploads\/2017\/01\/38-copia-50x50.jpg 50w\" sizes=\"auto, (max-width: 300px) 100vw, 300px\" data-attachment-id=\"278\" data-permalink=\"https:\/\/www.masdeudesign.com\/es\/portfolio\/reforma-carrer-borrell-a-barcelona\/38-copia\/\" data-orig-file=\"https:\/\/www.masdeudesign.com\/wp-content\/uploads\/2017\/01\/38-copia.jpg\" data-orig-size=\"1704,1800\" data-comments-opened=\"0\" data-image-meta=\"{&quot;aperture&quot;:&quot;0&quot;,&quot;credit&quot;:&quot;&quot;,&quot;camera&quot;:&quot;&quot;,&quot;caption&quot;:&quot;&quot;,&quot;created_timestamp&quot;:&quot;0&quot;,&quot;copyright&quot;:&quot;&quot;,&quot;focal_length&quot;:&quot;0&quot;,&quot;iso&quot;:&quot;0&quot;,&quot;shutter_speed&quot;:&quot;0&quot;,&quot;title&quot;:&quot;&quot;,&quot;orientation&quot;:&quot;1&quot;}\" data-image-title=\"\" data-image-description=\"\" data-image-caption=\"\" data-large-file=\"https:\/\/www.masdeudesign.com\/wp-content\/uploads\/2017\/01\/38-copia.jpg\" \/>\n\t\t\t<\/dt><\/dl><dl class='gallery-item'>\n\t\t\t<dt class='gallery-icon landscape'>\n\t\t\t\t<img loading=\"lazy\" decoding=\"async\" width=\"300\" height=\"300\" src=\"https:\/\/www.masdeudesign.com\/wp-content\/uploads\/2017\/01\/Planta-Borrell-300x300.jpg\" class=\"attachment-thumbnail size-thumbnail\" alt=\"\" srcset=\"https:\/\/www.masdeudesign.com\/wp-content\/uploads\/2017\/01\/Planta-Borrell-300x300.jpg 300w, https:\/\/www.masdeudesign.com\/wp-content\/uploads\/2017\/01\/Planta-Borrell-50x50.jpg 50w\" sizes=\"auto, (max-width: 300px) 100vw, 300px\" data-attachment-id=\"778\" data-permalink=\"https:\/\/www.masdeudesign.com\/es\/portfolio\/reforma-carrer-borrell-a-barcelona\/distribucio-4\/\" data-orig-file=\"https:\/\/www.masdeudesign.com\/wp-content\/uploads\/2017\/01\/Planta-Borrell.jpg\" data-orig-size=\"1800,898\" data-comments-opened=\"0\" data-image-meta=\"{&quot;aperture&quot;:&quot;0&quot;,&quot;credit&quot;:&quot;&quot;,&quot;camera&quot;:&quot;&quot;,&quot;caption&quot;:&quot;&quot;,&quot;created_timestamp&quot;:&quot;0&quot;,&quot;copyright&quot;:&quot;&quot;,&quot;focal_length&quot;:&quot;0&quot;,&quot;iso&quot;:&quot;0&quot;,&quot;shutter_speed&quot;:&quot;0&quot;,&quot;title&quot;:&quot;distribuci\\u00f3&quot;,&quot;orientation&quot;:&quot;1&quot;}\" data-image-title=\"\" data-image-description=\"\" data-image-caption=\"\" data-large-file=\"https:\/\/www.masdeudesign.com\/wp-content\/uploads\/2017\/01\/Planta-Borrell.jpg\" \/>\n\t\t\t<\/dt><\/dl><dl class='gallery-item'>\n\t\t\t<dt class='gallery-icon portrait'>\n\t\t\t\t<img loading=\"lazy\" decoding=\"async\" width=\"300\" height=\"300\" src=\"https:\/\/www.masdeudesign.com\/wp-content\/uploads\/2017\/01\/Plaf\u00f3-Borrell-1-copia-300x300.jpg\" class=\"attachment-thumbnail size-thumbnail\" alt=\"\" srcset=\"https:\/\/www.masdeudesign.com\/wp-content\/uploads\/2017\/01\/Plaf\u00f3-Borrell-1-copia-300x300.jpg 300w, https:\/\/www.masdeudesign.com\/wp-content\/uploads\/2017\/01\/Plaf\u00f3-Borrell-1-copia-50x50.jpg 50w\" sizes=\"auto, (max-width: 300px) 100vw, 300px\" data-attachment-id=\"280\" data-permalink=\"https:\/\/www.masdeudesign.com\/es\/portfolio\/reforma-carrer-borrell-a-barcelona\/layout1\/\" data-orig-file=\"https:\/\/www.masdeudesign.com\/wp-content\/uploads\/2017\/01\/Plaf\u00f3-Borrell-1-copia.jpg\" data-orig-size=\"1272,1800\" data-comments-opened=\"0\" data-image-meta=\"{&quot;aperture&quot;:&quot;0&quot;,&quot;credit&quot;:&quot;&quot;,&quot;camera&quot;:&quot;&quot;,&quot;caption&quot;:&quot;&quot;,&quot;created_timestamp&quot;:&quot;0&quot;,&quot;copyright&quot;:&quot;&quot;,&quot;focal_length&quot;:&quot;0&quot;,&quot;iso&quot;:&quot;0&quot;,&quot;shutter_speed&quot;:&quot;0&quot;,&quot;title&quot;:&quot;Layout1&quot;,&quot;orientation&quot;:&quot;1&quot;}\" data-image-title=\"\" data-image-description=\"\" data-image-caption=\"\" data-large-file=\"https:\/\/www.masdeudesign.com\/wp-content\/uploads\/2017\/01\/Plaf\u00f3-Borrell-1-copia.jpg\" \/>\n\t\t\t<\/dt><\/dl>\n\t\t\t<br style='clear: both' \/>\n\t\t<\/div>\n\n<\/div>\n<p><\/p>","protected":false},"excerpt":{"rendered":"<p>Cliente | Cliente Particular Superficie | 111,55m\u00b2 A\u00f1o | 2016 Ciudad | Barcelona Se reform\u00f3 toda la vivienda para adaptase a las nuevas necesidades de la propiedad con el objetivo de ganar la m\u00e1xima luz natural, crear espacios di\u00e1fanos y amplios y priorizar las zonas comunes y de descanso. Se reorganiz\u00f3 toda la distribuci\u00f3n interior [&hellip;]<\/p>\n","protected":false},"author":1,"featured_media":281,"comment_status":"closed","ping_status":"closed","template":"","format":"standard","meta":{"footnotes":""},"jetpack-portfolio-type":[8],"jetpack-portfolio-tag":[],"class_list":["post-272","jetpack-portfolio","type-jetpack-portfolio","status-publish","format-standard","has-post-thumbnail","hentry","jetpack-portfolio-type-residencial_"],"jetpack_sharing_enabled":true,"_links":{"self":[{"href":"https:\/\/www.masdeudesign.com\/es\/wp-json\/wp\/v2\/jetpack-portfolio\/272","targetHints":{"allow":["GET"]}}],"collection":[{"href":"https:\/\/www.masdeudesign.com\/es\/wp-json\/wp\/v2\/jetpack-portfolio"}],"about":[{"href":"https:\/\/www.masdeudesign.com\/es\/wp-json\/wp\/v2\/types\/jetpack-portfolio"}],"author":[{"embeddable":true,"href":"https:\/\/www.masdeudesign.com\/es\/wp-json\/wp\/v2\/users\/1"}],"replies":[{"embeddable":true,"href":"https:\/\/www.masdeudesign.com\/es\/wp-json\/wp\/v2\/comments?post=272"}],"version-history":[{"count":1,"href":"https:\/\/www.masdeudesign.com\/es\/wp-json\/wp\/v2\/jetpack-portfolio\/272\/revisions"}],"predecessor-version":[{"id":779,"href":"https:\/\/www.masdeudesign.com\/es\/wp-json\/wp\/v2\/jetpack-portfolio\/272\/revisions\/779"}],"wp:featuredmedia":[{"embeddable":true,"href":"https:\/\/www.masdeudesign.com\/es\/wp-json\/wp\/v2\/media\/281"}],"wp:attachment":[{"href":"https:\/\/www.masdeudesign.com\/es\/wp-json\/wp\/v2\/media?parent=272"}],"wp:term":[{"taxonomy":"jetpack-portfolio-type","embeddable":true,"href":"https:\/\/www.masdeudesign.com\/es\/wp-json\/wp\/v2\/jetpack-portfolio-type?post=272"},{"taxonomy":"jetpack-portfolio-tag","embeddable":true,"href":"https:\/\/www.masdeudesign.com\/es\/wp-json\/wp\/v2\/jetpack-portfolio-tag?post=272"}],"curies":[{"name":"wp","href":"https:\/\/api.w.org\/{rel}","templated":true}]}}