{"id":1257,"date":"2021-01-20T19:26:40","date_gmt":"2021-01-20T18:26:40","guid":{"rendered":"http:\/\/masdeudesign.com\/?post_type=jetpack-portfolio&#038;p=1257"},"modified":"2023-11-29T16:18:52","modified_gmt":"2023-11-29T15:18:52","slug":"dormitori-suite-a-st-quirze","status":"publish","type":"jetpack-portfolio","link":"https:\/\/www.masdeudesign.com\/es\/portfolio\/dormitori-suite-a-st-quirze\/","title":{"rendered":"Dormitorio suite en St. Quirze"},"content":{"rendered":"<p><\/p>\n<div class=\"wide-content\" style=\"text-align: left;\">\n<p><img loading=\"lazy\" decoding=\"async\" data-attachment-id=\"1270\" data-permalink=\"https:\/\/www.masdeudesign.com\/es\/portfolio\/dormitori-suite-a-st-quirze\/0-entrada-3\/\" data-orig-file=\"https:\/\/www.masdeudesign.com\/wp-content\/uploads\/2021\/01\/0-entrada-2.jpeg\" data-orig-size=\"654,605\" data-comments-opened=\"0\" data-image-meta=\"{&quot;aperture&quot;:&quot;0&quot;,&quot;credit&quot;:&quot;&quot;,&quot;camera&quot;:&quot;&quot;,&quot;caption&quot;:&quot;&quot;,&quot;created_timestamp&quot;:&quot;0&quot;,&quot;copyright&quot;:&quot;&quot;,&quot;focal_length&quot;:&quot;0&quot;,&quot;iso&quot;:&quot;0&quot;,&quot;shutter_speed&quot;:&quot;0&quot;,&quot;title&quot;:&quot;&quot;,&quot;orientation&quot;:&quot;1&quot;}\" data-image-title=\"0-entrada\" data-image-description=\"\" data-image-caption=\"\" data-large-file=\"https:\/\/www.masdeudesign.com\/wp-content\/uploads\/2021\/01\/0-entrada-2.jpeg\" class=\"alignleft wp-image-1270 size-full\" src=\"https:\/\/www.masdeudesign.com\/wp-content\/uploads\/2021\/01\/0-entrada-2.jpeg\" alt=\"\" width=\"654\" height=\"605\" srcset=\"https:\/\/www.masdeudesign.com\/wp-content\/uploads\/2021\/01\/0-entrada-2.jpeg 654w, https:\/\/www.masdeudesign.com\/wp-content\/uploads\/2021\/01\/0-entrada-2-600x555.jpeg 600w\" sizes=\"auto, (max-width: 654px) 100vw, 654px\" \/><\/p>\n<p>Cliente | <strong>Particular<\/strong><br \/>\nSuperficie | <strong>28<\/strong><strong>m\u00b2<\/strong><br \/>\nA\u00f1o | <strong>2019<\/strong><br \/>\nCiudad\u00a0| <strong>Sant Quirze del Vall\u00e8s<\/strong><\/p>\n<p style=\"text-align: justify;\">Se recibi\u00f3 el encargo de dise\u00f1ar un dormitorio suite con espacio de dormitorio, vestidor, zapatero, zona de lectura y peque\u00f1o escritorio. El protagonismo se lo lleva el cabezal, que se forr\u00f3 con lamas verticales de roble y a cada lado se empotraron dos grandes m\u00f3dulos de estantes con revestimiento vin\u00edlico trenzado de fondo. Las mesitas se hicieron de hierro lacado en negro, para dar ligereza y se combinaron con l\u00e1mparas suspendidas y peque\u00f1os apliques de lectura. Se dise\u00f1\u00f3 un zapatero con una puerta corredera que cuando se cierra, da paso a un peque\u00f1o escritorio con cajones y estantes iluminados, tambi\u00e9n combinado con el revestimiento vin\u00edlico al fondo. En la zona del vestidor se aprovech\u00f3 el armario existente de madera oscura con molduras, pint\u00e1ndolo del mismo color que las paredes, para integrarlo y quitarle el car\u00e1cter marcadamente cl\u00e1sico que ten\u00eda originalmente. Para complementar el vestidor, se dise\u00f1\u00f3 un mueble central de almacenamiento en madera de roble. Finalmente, se proyect\u00f3 la zona de lectura junto a la ventana, incorporando un sill\u00f3n con reposapi\u00e9s y una l\u00e1mpara de pie, todo sobre una alfombra, formando un rinc\u00f3n extremadamente confortable.<\/p>\n<p>&nbsp;<\/p>\n<div data-carousel-extra='{&quot;blog_id&quot;:1,&quot;permalink&quot;:&quot;https:\/\/www.masdeudesign.com\/es\/portfolio\/dormitori-suite-a-st-quirze\/&quot;}' id='gallery-4' class='gallery galleryid-1257 gallery-columns-4 gallery-size-thumbnail'><dl class='gallery-item'>\n\t\t\t<dt class='gallery-icon portrait'>\n\t\t\t\t<img loading=\"lazy\" decoding=\"async\" width=\"300\" height=\"300\" src=\"https:\/\/www.masdeudesign.com\/wp-content\/uploads\/2021\/01\/1-300x300.jpeg\" class=\"attachment-thumbnail size-thumbnail\" alt=\"\" srcset=\"https:\/\/www.masdeudesign.com\/wp-content\/uploads\/2021\/01\/1-300x300.jpeg 300w, https:\/\/www.masdeudesign.com\/wp-content\/uploads\/2021\/01\/1-50x50.jpeg 50w\" sizes=\"auto, (max-width: 300px) 100vw, 300px\" data-attachment-id=\"1260\" data-permalink=\"https:\/\/www.masdeudesign.com\/es\/portfolio\/dormitori-suite-a-st-quirze\/1-4\/\" data-orig-file=\"https:\/\/www.masdeudesign.com\/wp-content\/uploads\/2021\/01\/1.jpeg\" data-orig-size=\"747,1328\" data-comments-opened=\"0\" data-image-meta=\"{&quot;aperture&quot;:&quot;0&quot;,&quot;credit&quot;:&quot;&quot;,&quot;camera&quot;:&quot;&quot;,&quot;caption&quot;:&quot;&quot;,&quot;created_timestamp&quot;:&quot;0&quot;,&quot;copyright&quot;:&quot;&quot;,&quot;focal_length&quot;:&quot;0&quot;,&quot;iso&quot;:&quot;0&quot;,&quot;shutter_speed&quot;:&quot;0&quot;,&quot;title&quot;:&quot;&quot;,&quot;orientation&quot;:&quot;0&quot;}\" data-image-title=\"1\" data-image-description=\"\" data-image-caption=\"\" data-large-file=\"https:\/\/www.masdeudesign.com\/wp-content\/uploads\/2021\/01\/1.jpeg\" \/>\n\t\t\t<\/dt><\/dl><dl class='gallery-item'>\n\t\t\t<dt class='gallery-icon portrait'>\n\t\t\t\t<img loading=\"lazy\" decoding=\"async\" width=\"300\" height=\"300\" src=\"https:\/\/www.masdeudesign.com\/wp-content\/uploads\/2021\/01\/2-300x300.jpeg\" class=\"attachment-thumbnail size-thumbnail\" alt=\"\" srcset=\"https:\/\/www.masdeudesign.com\/wp-content\/uploads\/2021\/01\/2-300x300.jpeg 300w, https:\/\/www.masdeudesign.com\/wp-content\/uploads\/2021\/01\/2-50x50.jpeg 50w\" sizes=\"auto, (max-width: 300px) 100vw, 300px\" data-attachment-id=\"1261\" data-permalink=\"https:\/\/www.masdeudesign.com\/es\/portfolio\/dormitori-suite-a-st-quirze\/2-4\/\" data-orig-file=\"https:\/\/www.masdeudesign.com\/wp-content\/uploads\/2021\/01\/2.jpeg\" data-orig-size=\"747,1328\" data-comments-opened=\"0\" data-image-meta=\"{&quot;aperture&quot;:&quot;0&quot;,&quot;credit&quot;:&quot;&quot;,&quot;camera&quot;:&quot;&quot;,&quot;caption&quot;:&quot;&quot;,&quot;created_timestamp&quot;:&quot;0&quot;,&quot;copyright&quot;:&quot;&quot;,&quot;focal_length&quot;:&quot;0&quot;,&quot;iso&quot;:&quot;0&quot;,&quot;shutter_speed&quot;:&quot;0&quot;,&quot;title&quot;:&quot;&quot;,&quot;orientation&quot;:&quot;0&quot;}\" data-image-title=\"2\" data-image-description=\"\" data-image-caption=\"\" data-large-file=\"https:\/\/www.masdeudesign.com\/wp-content\/uploads\/2021\/01\/2.jpeg\" \/>\n\t\t\t<\/dt><\/dl><dl class='gallery-item'>\n\t\t\t<dt class='gallery-icon portrait'>\n\t\t\t\t<img loading=\"lazy\" decoding=\"async\" width=\"300\" height=\"300\" src=\"https:\/\/www.masdeudesign.com\/wp-content\/uploads\/2021\/01\/3-300x300.jpeg\" class=\"attachment-thumbnail size-thumbnail\" alt=\"\" srcset=\"https:\/\/www.masdeudesign.com\/wp-content\/uploads\/2021\/01\/3-300x300.jpeg 300w, https:\/\/www.masdeudesign.com\/wp-content\/uploads\/2021\/01\/3-50x50.jpeg 50w\" sizes=\"auto, (max-width: 300px) 100vw, 300px\" data-attachment-id=\"1262\" data-permalink=\"https:\/\/www.masdeudesign.com\/es\/portfolio\/dormitori-suite-a-st-quirze\/3-4\/\" data-orig-file=\"https:\/\/www.masdeudesign.com\/wp-content\/uploads\/2021\/01\/3.jpeg\" data-orig-size=\"747,1328\" data-comments-opened=\"0\" data-image-meta=\"{&quot;aperture&quot;:&quot;0&quot;,&quot;credit&quot;:&quot;&quot;,&quot;camera&quot;:&quot;&quot;,&quot;caption&quot;:&quot;&quot;,&quot;created_timestamp&quot;:&quot;0&quot;,&quot;copyright&quot;:&quot;&quot;,&quot;focal_length&quot;:&quot;0&quot;,&quot;iso&quot;:&quot;0&quot;,&quot;shutter_speed&quot;:&quot;0&quot;,&quot;title&quot;:&quot;&quot;,&quot;orientation&quot;:&quot;0&quot;}\" data-image-title=\"3\" data-image-description=\"\" data-image-caption=\"\" data-large-file=\"https:\/\/www.masdeudesign.com\/wp-content\/uploads\/2021\/01\/3.jpeg\" \/>\n\t\t\t<\/dt><\/dl><dl class='gallery-item'>\n\t\t\t<dt class='gallery-icon portrait'>\n\t\t\t\t<img loading=\"lazy\" decoding=\"async\" width=\"300\" height=\"300\" src=\"https:\/\/www.masdeudesign.com\/wp-content\/uploads\/2021\/01\/4-300x300.jpeg\" class=\"attachment-thumbnail size-thumbnail\" alt=\"\" srcset=\"https:\/\/www.masdeudesign.com\/wp-content\/uploads\/2021\/01\/4-300x300.jpeg 300w, https:\/\/www.masdeudesign.com\/wp-content\/uploads\/2021\/01\/4-50x50.jpeg 50w\" sizes=\"auto, (max-width: 300px) 100vw, 300px\" data-attachment-id=\"1263\" data-permalink=\"https:\/\/www.masdeudesign.com\/es\/portfolio\/dormitori-suite-a-st-quirze\/4-4\/\" data-orig-file=\"https:\/\/www.masdeudesign.com\/wp-content\/uploads\/2021\/01\/4.jpeg\" data-orig-size=\"747,1328\" data-comments-opened=\"0\" data-image-meta=\"{&quot;aperture&quot;:&quot;0&quot;,&quot;credit&quot;:&quot;&quot;,&quot;camera&quot;:&quot;&quot;,&quot;caption&quot;:&quot;&quot;,&quot;created_timestamp&quot;:&quot;0&quot;,&quot;copyright&quot;:&quot;&quot;,&quot;focal_length&quot;:&quot;0&quot;,&quot;iso&quot;:&quot;0&quot;,&quot;shutter_speed&quot;:&quot;0&quot;,&quot;title&quot;:&quot;&quot;,&quot;orientation&quot;:&quot;0&quot;}\" data-image-title=\"4\" data-image-description=\"\" data-image-caption=\"\" data-large-file=\"https:\/\/www.masdeudesign.com\/wp-content\/uploads\/2021\/01\/4.jpeg\" \/>\n\t\t\t<\/dt><\/dl><br style=\"clear: both\" \/><dl class='gallery-item'>\n\t\t\t<dt class='gallery-icon portrait'>\n\t\t\t\t<img loading=\"lazy\" decoding=\"async\" width=\"300\" height=\"300\" src=\"https:\/\/www.masdeudesign.com\/wp-content\/uploads\/2021\/01\/5-300x300.jpeg\" class=\"attachment-thumbnail size-thumbnail\" alt=\"\" srcset=\"https:\/\/www.masdeudesign.com\/wp-content\/uploads\/2021\/01\/5-300x300.jpeg 300w, https:\/\/www.masdeudesign.com\/wp-content\/uploads\/2021\/01\/5-50x50.jpeg 50w\" sizes=\"auto, (max-width: 300px) 100vw, 300px\" data-attachment-id=\"1264\" data-permalink=\"https:\/\/www.masdeudesign.com\/es\/portfolio\/dormitori-suite-a-st-quirze\/5-4\/\" data-orig-file=\"https:\/\/www.masdeudesign.com\/wp-content\/uploads\/2021\/01\/5.jpeg\" data-orig-size=\"747,1328\" data-comments-opened=\"0\" data-image-meta=\"{&quot;aperture&quot;:&quot;0&quot;,&quot;credit&quot;:&quot;&quot;,&quot;camera&quot;:&quot;&quot;,&quot;caption&quot;:&quot;&quot;,&quot;created_timestamp&quot;:&quot;0&quot;,&quot;copyright&quot;:&quot;&quot;,&quot;focal_length&quot;:&quot;0&quot;,&quot;iso&quot;:&quot;0&quot;,&quot;shutter_speed&quot;:&quot;0&quot;,&quot;title&quot;:&quot;&quot;,&quot;orientation&quot;:&quot;0&quot;}\" data-image-title=\"5\" data-image-description=\"\" data-image-caption=\"\" data-large-file=\"https:\/\/www.masdeudesign.com\/wp-content\/uploads\/2021\/01\/5.jpeg\" \/>\n\t\t\t<\/dt><\/dl><dl class='gallery-item'>\n\t\t\t<dt class='gallery-icon landscape'>\n\t\t\t\t<img loading=\"lazy\" decoding=\"async\" width=\"300\" height=\"300\" src=\"https:\/\/www.masdeudesign.com\/wp-content\/uploads\/2021\/01\/6-300x300.jpeg\" class=\"attachment-thumbnail size-thumbnail\" alt=\"\" srcset=\"https:\/\/www.masdeudesign.com\/wp-content\/uploads\/2021\/01\/6-300x300.jpeg 300w, https:\/\/www.masdeudesign.com\/wp-content\/uploads\/2021\/01\/6-50x50.jpeg 50w\" sizes=\"auto, (max-width: 300px) 100vw, 300px\" data-attachment-id=\"1265\" data-permalink=\"https:\/\/www.masdeudesign.com\/es\/portfolio\/dormitori-suite-a-st-quirze\/6-4\/\" data-orig-file=\"https:\/\/www.masdeudesign.com\/wp-content\/uploads\/2021\/01\/6.jpeg\" data-orig-size=\"1328,747\" data-comments-opened=\"0\" data-image-meta=\"{&quot;aperture&quot;:&quot;0&quot;,&quot;credit&quot;:&quot;&quot;,&quot;camera&quot;:&quot;&quot;,&quot;caption&quot;:&quot;&quot;,&quot;created_timestamp&quot;:&quot;0&quot;,&quot;copyright&quot;:&quot;&quot;,&quot;focal_length&quot;:&quot;0&quot;,&quot;iso&quot;:&quot;0&quot;,&quot;shutter_speed&quot;:&quot;0&quot;,&quot;title&quot;:&quot;&quot;,&quot;orientation&quot;:&quot;0&quot;}\" data-image-title=\"6\" data-image-description=\"\" data-image-caption=\"\" data-large-file=\"https:\/\/www.masdeudesign.com\/wp-content\/uploads\/2021\/01\/6.jpeg\" \/>\n\t\t\t<\/dt><\/dl><dl class='gallery-item'>\n\t\t\t<dt class='gallery-icon portrait'>\n\t\t\t\t<img loading=\"lazy\" decoding=\"async\" width=\"300\" height=\"300\" src=\"https:\/\/www.masdeudesign.com\/wp-content\/uploads\/2021\/01\/7-300x300.jpeg\" class=\"attachment-thumbnail size-thumbnail\" alt=\"\" srcset=\"https:\/\/www.masdeudesign.com\/wp-content\/uploads\/2021\/01\/7-300x300.jpeg 300w, https:\/\/www.masdeudesign.com\/wp-content\/uploads\/2021\/01\/7-50x50.jpeg 50w\" sizes=\"auto, (max-width: 300px) 100vw, 300px\" data-attachment-id=\"1266\" data-permalink=\"https:\/\/www.masdeudesign.com\/es\/portfolio\/dormitori-suite-a-st-quirze\/7-4\/\" data-orig-file=\"https:\/\/www.masdeudesign.com\/wp-content\/uploads\/2021\/01\/7.jpeg\" data-orig-size=\"737,861\" data-comments-opened=\"0\" data-image-meta=\"{&quot;aperture&quot;:&quot;0&quot;,&quot;credit&quot;:&quot;&quot;,&quot;camera&quot;:&quot;&quot;,&quot;caption&quot;:&quot;&quot;,&quot;created_timestamp&quot;:&quot;0&quot;,&quot;copyright&quot;:&quot;&quot;,&quot;focal_length&quot;:&quot;0&quot;,&quot;iso&quot;:&quot;0&quot;,&quot;shutter_speed&quot;:&quot;0&quot;,&quot;title&quot;:&quot;&quot;,&quot;orientation&quot;:&quot;1&quot;}\" data-image-title=\"7\" data-image-description=\"\" data-image-caption=\"\" data-large-file=\"https:\/\/www.masdeudesign.com\/wp-content\/uploads\/2021\/01\/7.jpeg\" \/>\n\t\t\t<\/dt><\/dl><dl class='gallery-item'>\n\t\t\t<dt class='gallery-icon landscape'>\n\t\t\t\t<img loading=\"lazy\" decoding=\"async\" width=\"300\" height=\"300\" src=\"https:\/\/www.masdeudesign.com\/wp-content\/uploads\/2021\/01\/8-3-300x300.jpg\" class=\"attachment-thumbnail size-thumbnail\" alt=\"\" srcset=\"https:\/\/www.masdeudesign.com\/wp-content\/uploads\/2021\/01\/8-3-300x300.jpg 300w, https:\/\/www.masdeudesign.com\/wp-content\/uploads\/2021\/01\/8-3-50x50.jpg 50w\" sizes=\"auto, (max-width: 300px) 100vw, 300px\" data-attachment-id=\"1267\" data-permalink=\"https:\/\/www.masdeudesign.com\/es\/portfolio\/dormitori-suite-a-st-quirze\/8-4\/\" data-orig-file=\"https:\/\/www.masdeudesign.com\/wp-content\/uploads\/2021\/01\/8-3.jpg\" data-orig-size=\"2482,1755\" data-comments-opened=\"0\" data-image-meta=\"{&quot;aperture&quot;:&quot;0&quot;,&quot;credit&quot;:&quot;&quot;,&quot;camera&quot;:&quot;&quot;,&quot;caption&quot;:&quot;&quot;,&quot;created_timestamp&quot;:&quot;0&quot;,&quot;copyright&quot;:&quot;&quot;,&quot;focal_length&quot;:&quot;0&quot;,&quot;iso&quot;:&quot;0&quot;,&quot;shutter_speed&quot;:&quot;0&quot;,&quot;title&quot;:&quot;&quot;,&quot;orientation&quot;:&quot;0&quot;}\" data-image-title=\"8\" data-image-description=\"\" data-image-caption=\"\" data-large-file=\"https:\/\/www.masdeudesign.com\/wp-content\/uploads\/2021\/01\/8-3.jpg\" \/>\n\t\t\t<\/dt><\/dl><br style=\"clear: both\" \/>\n\t\t<\/div>\n\n<\/div>\n<p><\/p>","protected":false},"excerpt":{"rendered":"<p>Cliente | Particular Superficie | 28m\u00b2 A\u00f1o | 2019 Ciudad\u00a0| Sant Quirze del Vall\u00e8s Se recibi\u00f3 el encargo de dise\u00f1ar un dormitorio suite con espacio de dormitorio, vestidor, zapatero, zona de lectura y peque\u00f1o escritorio. El protagonismo se lo lleva el cabezal, que se forr\u00f3 con lamas verticales de roble y a cada lado se [&hellip;]<\/p>\n","protected":false},"author":1,"featured_media":1271,"comment_status":"closed","ping_status":"closed","template":"","format":"standard","meta":{"footnotes":""},"jetpack-portfolio-type":[8],"jetpack-portfolio-tag":[],"class_list":["post-1257","jetpack-portfolio","type-jetpack-portfolio","status-publish","format-standard","has-post-thumbnail","hentry","jetpack-portfolio-type-residencial_"],"jetpack_sharing_enabled":true,"_links":{"self":[{"href":"https:\/\/www.masdeudesign.com\/es\/wp-json\/wp\/v2\/jetpack-portfolio\/1257","targetHints":{"allow":["GET"]}}],"collection":[{"href":"https:\/\/www.masdeudesign.com\/es\/wp-json\/wp\/v2\/jetpack-portfolio"}],"about":[{"href":"https:\/\/www.masdeudesign.com\/es\/wp-json\/wp\/v2\/types\/jetpack-portfolio"}],"author":[{"embeddable":true,"href":"https:\/\/www.masdeudesign.com\/es\/wp-json\/wp\/v2\/users\/1"}],"replies":[{"embeddable":true,"href":"https:\/\/www.masdeudesign.com\/es\/wp-json\/wp\/v2\/comments?post=1257"}],"version-history":[{"count":2,"href":"https:\/\/www.masdeudesign.com\/es\/wp-json\/wp\/v2\/jetpack-portfolio\/1257\/revisions"}],"predecessor-version":[{"id":1588,"href":"https:\/\/www.masdeudesign.com\/es\/wp-json\/wp\/v2\/jetpack-portfolio\/1257\/revisions\/1588"}],"wp:featuredmedia":[{"embeddable":true,"href":"https:\/\/www.masdeudesign.com\/es\/wp-json\/wp\/v2\/media\/1271"}],"wp:attachment":[{"href":"https:\/\/www.masdeudesign.com\/es\/wp-json\/wp\/v2\/media?parent=1257"}],"wp:term":[{"taxonomy":"jetpack-portfolio-type","embeddable":true,"href":"https:\/\/www.masdeudesign.com\/es\/wp-json\/wp\/v2\/jetpack-portfolio-type?post=1257"},{"taxonomy":"jetpack-portfolio-tag","embeddable":true,"href":"https:\/\/www.masdeudesign.com\/es\/wp-json\/wp\/v2\/jetpack-portfolio-tag?post=1257"}],"curies":[{"name":"wp","href":"https:\/\/api.w.org\/{rel}","templated":true}]}}