{"id":110,"date":"2017-01-01T16:36:49","date_gmt":"2017-01-01T15:36:49","guid":{"rendered":"https:\/\/www.masdeudesign.com\/?post_type=jetpack-portfolio&#038;p=110"},"modified":"2023-12-12T13:39:38","modified_gmt":"2023-12-12T12:39:38","slug":"despatx-sant-cugat","status":"publish","type":"jetpack-portfolio","link":"https:\/\/www.masdeudesign.com\/es\/portfolio\/despatx-sant-cugat\/","title":{"rendered":"despacho Sant Cugat"},"content":{"rendered":"<p><\/p>\n<div class=\"wide-content\" style=\"text-align: left;\">\n<p><img loading=\"lazy\" decoding=\"async\" data-attachment-id=\"874\" data-permalink=\"https:\/\/www.masdeudesign.com\/es\/portfolio\/despatx-sant-cugat\/despatx-3\/\" data-orig-file=\"https:\/\/www.masdeudesign.com\/wp-content\/uploads\/2017\/01\/Despatx-3.jpg\" data-orig-size=\"1800,1200\" data-comments-opened=\"0\" data-image-meta=\"{&quot;aperture&quot;:&quot;0&quot;,&quot;credit&quot;:&quot;&quot;,&quot;camera&quot;:&quot;&quot;,&quot;caption&quot;:&quot;&quot;,&quot;created_timestamp&quot;:&quot;0&quot;,&quot;copyright&quot;:&quot;&quot;,&quot;focal_length&quot;:&quot;0&quot;,&quot;iso&quot;:&quot;0&quot;,&quot;shutter_speed&quot;:&quot;0&quot;,&quot;title&quot;:&quot;&quot;,&quot;orientation&quot;:&quot;0&quot;}\" data-image-title=\"\" data-image-description=\"\" data-image-caption=\"\" data-large-file=\"https:\/\/www.masdeudesign.com\/wp-content\/uploads\/2017\/01\/Despatx-3.jpg\" class=\"size-full wp-image-874 alignleft\" src=\"http:\/\/masdeudesign.com\/wordpress\/wp-content\/uploads\/2017\/01\/Despatx-3.jpg\" alt=\"Despatx--(3)\" width=\"1800\" height=\"1200\" srcset=\"https:\/\/www.masdeudesign.com\/wp-content\/uploads\/2017\/01\/Despatx-3.jpg 1800w, https:\/\/www.masdeudesign.com\/wp-content\/uploads\/2017\/01\/Despatx-3-600x400.jpg 600w, https:\/\/www.masdeudesign.com\/wp-content\/uploads\/2017\/01\/Despatx-3-768x512.jpg 768w\" sizes=\"auto, (max-width: 1800px) 100vw, 1800px\" \/><\/p>\n<p style=\"text-align: justify;\">Cliente | <strong>Cliente Particular<\/strong><br \/>\nSuperficie | <strong>31,85<\/strong><strong>m\u00b2<\/strong><br \/>\nA\u00f1o | <strong>2014<\/strong><br \/>\nCiudad | <strong>Sant Cugat del Vall\u00e8s<\/strong><br \/>\nFot\u00f3grafo |\u00a0<strong>Mauricio Fuertes<\/strong><\/p>\n<p style=\"text-align: justify;\">El objetivo era dise\u00f1ar un despacho en una vivienda particular siguiendo las siguientes pautas: poder trabajar frente al exterior, tener un espacio com\u00fan de trabajo para toda la familia pero que a la vez cada uno tenga su espacio delimitado, tener una gran capacidad de almacenaje y realizar una escalera de acceso al altillo como zona de despacho y lectura. Se dise\u00f1\u00f3 una gran mesa central de roble y patas met\u00e1licas en blanco de 4,43mts como protagonista del espacio. En la parte central se coloca un box con cajones que sirve de separaci\u00f3n f\u00edsica para cada espacio de trabajo y como jardinera para dar verticalidad. Si dise\u00f1\u00f3 una gran escalera de roble y se aprovecharon los bajos para realizar un armario para la documentaci\u00f3n. Los cerramientos del despacho se hicieron mediante librer\u00edas que funcionan por los dos lados y mediante un gran ventanal que conecta visualmente el despacho con el resto de la vivienda.<\/p>\n<p>&nbsp;<\/p>\n<div data-carousel-extra='{&quot;blog_id&quot;:1,&quot;permalink&quot;:&quot;https:\/\/www.masdeudesign.com\/es\/portfolio\/despatx-sant-cugat\/&quot;}' id='gallery-4' class='gallery galleryid-110 gallery-columns-4 gallery-size-thumbnail'><dl class='gallery-item'>\n\t\t\t<dt class='gallery-icon portrait'>\n\t\t\t\t<img loading=\"lazy\" decoding=\"async\" width=\"300\" height=\"300\" src=\"https:\/\/www.masdeudesign.com\/wp-content\/uploads\/2017\/01\/Despatx-1-300x300.jpg\" class=\"attachment-thumbnail size-thumbnail\" alt=\"\" srcset=\"https:\/\/www.masdeudesign.com\/wp-content\/uploads\/2017\/01\/Despatx-1-300x300.jpg 300w, https:\/\/www.masdeudesign.com\/wp-content\/uploads\/2017\/01\/Despatx-1-50x50.jpg 50w\" sizes=\"auto, (max-width: 300px) 100vw, 300px\" data-attachment-id=\"872\" data-permalink=\"https:\/\/www.masdeudesign.com\/es\/portfolio\/despatx-sant-cugat\/despatx-1\/\" data-orig-file=\"https:\/\/www.masdeudesign.com\/wp-content\/uploads\/2017\/01\/Despatx-1.jpg\" data-orig-size=\"1200,1800\" data-comments-opened=\"0\" data-image-meta=\"{&quot;aperture&quot;:&quot;0&quot;,&quot;credit&quot;:&quot;&quot;,&quot;camera&quot;:&quot;&quot;,&quot;caption&quot;:&quot;&quot;,&quot;created_timestamp&quot;:&quot;0&quot;,&quot;copyright&quot;:&quot;&quot;,&quot;focal_length&quot;:&quot;0&quot;,&quot;iso&quot;:&quot;0&quot;,&quot;shutter_speed&quot;:&quot;0&quot;,&quot;title&quot;:&quot;&quot;,&quot;orientation&quot;:&quot;0&quot;}\" data-image-title=\"\" data-image-description=\"\" data-image-caption=\"\" data-large-file=\"https:\/\/www.masdeudesign.com\/wp-content\/uploads\/2017\/01\/Despatx-1.jpg\" \/>\n\t\t\t<\/dt><\/dl><dl class='gallery-item'>\n\t\t\t<dt class='gallery-icon portrait'>\n\t\t\t\t<img loading=\"lazy\" decoding=\"async\" width=\"300\" height=\"300\" src=\"https:\/\/www.masdeudesign.com\/wp-content\/uploads\/2017\/01\/Despatx-6-1-300x300.jpg\" class=\"attachment-thumbnail size-thumbnail\" alt=\"\" srcset=\"https:\/\/www.masdeudesign.com\/wp-content\/uploads\/2017\/01\/Despatx-6-1-300x300.jpg 300w, https:\/\/www.masdeudesign.com\/wp-content\/uploads\/2017\/01\/Despatx-6-1-50x50.jpg 50w\" sizes=\"auto, (max-width: 300px) 100vw, 300px\" data-attachment-id=\"885\" data-permalink=\"https:\/\/www.masdeudesign.com\/es\/portfolio\/despatx-sant-cugat\/despatx-6-2\/\" data-orig-file=\"https:\/\/www.masdeudesign.com\/wp-content\/uploads\/2017\/01\/Despatx-6-1.jpg\" data-orig-size=\"1200,1800\" data-comments-opened=\"0\" data-image-meta=\"{&quot;aperture&quot;:&quot;0&quot;,&quot;credit&quot;:&quot;&quot;,&quot;camera&quot;:&quot;&quot;,&quot;caption&quot;:&quot;&quot;,&quot;created_timestamp&quot;:&quot;0&quot;,&quot;copyright&quot;:&quot;&quot;,&quot;focal_length&quot;:&quot;0&quot;,&quot;iso&quot;:&quot;0&quot;,&quot;shutter_speed&quot;:&quot;0&quot;,&quot;title&quot;:&quot;&quot;,&quot;orientation&quot;:&quot;0&quot;}\" data-image-title=\"\" data-image-description=\"\" data-image-caption=\"\" data-large-file=\"https:\/\/www.masdeudesign.com\/wp-content\/uploads\/2017\/01\/Despatx-6-1.jpg\" \/>\n\t\t\t<\/dt><\/dl><dl class='gallery-item'>\n\t\t\t<dt class='gallery-icon landscape'>\n\t\t\t\t<img loading=\"lazy\" decoding=\"async\" width=\"300\" height=\"300\" src=\"https:\/\/www.masdeudesign.com\/wp-content\/uploads\/2017\/01\/Despatx-3-3-300x300.jpg\" class=\"attachment-thumbnail size-thumbnail\" alt=\"\" srcset=\"https:\/\/www.masdeudesign.com\/wp-content\/uploads\/2017\/01\/Despatx-3-3-300x300.jpg 300w, https:\/\/www.masdeudesign.com\/wp-content\/uploads\/2017\/01\/Despatx-3-3-50x50.jpg 50w\" sizes=\"auto, (max-width: 300px) 100vw, 300px\" data-attachment-id=\"882\" data-permalink=\"https:\/\/www.masdeudesign.com\/es\/portfolio\/despatx-sant-cugat\/despatx-3-4\/\" data-orig-file=\"https:\/\/www.masdeudesign.com\/wp-content\/uploads\/2017\/01\/Despatx-3-3.jpg\" data-orig-size=\"1800,1200\" data-comments-opened=\"0\" data-image-meta=\"{&quot;aperture&quot;:&quot;0&quot;,&quot;credit&quot;:&quot;&quot;,&quot;camera&quot;:&quot;&quot;,&quot;caption&quot;:&quot;&quot;,&quot;created_timestamp&quot;:&quot;0&quot;,&quot;copyright&quot;:&quot;&quot;,&quot;focal_length&quot;:&quot;0&quot;,&quot;iso&quot;:&quot;0&quot;,&quot;shutter_speed&quot;:&quot;0&quot;,&quot;title&quot;:&quot;&quot;,&quot;orientation&quot;:&quot;0&quot;}\" data-image-title=\"\" data-image-description=\"\" data-image-caption=\"\" data-large-file=\"https:\/\/www.masdeudesign.com\/wp-content\/uploads\/2017\/01\/Despatx-3-3.jpg\" \/>\n\t\t\t<\/dt><\/dl><dl class='gallery-item'>\n\t\t\t<dt class='gallery-icon portrait'>\n\t\t\t\t<img loading=\"lazy\" decoding=\"async\" width=\"300\" height=\"300\" src=\"https:\/\/www.masdeudesign.com\/wp-content\/uploads\/2017\/01\/Despatx-5-1-300x300.jpg\" class=\"attachment-thumbnail size-thumbnail\" alt=\"\" srcset=\"https:\/\/www.masdeudesign.com\/wp-content\/uploads\/2017\/01\/Despatx-5-1-300x300.jpg 300w, https:\/\/www.masdeudesign.com\/wp-content\/uploads\/2017\/01\/Despatx-5-1-50x50.jpg 50w\" sizes=\"auto, (max-width: 300px) 100vw, 300px\" data-attachment-id=\"884\" data-permalink=\"https:\/\/www.masdeudesign.com\/es\/portfolio\/despatx-sant-cugat\/despatx-5-2\/\" data-orig-file=\"https:\/\/www.masdeudesign.com\/wp-content\/uploads\/2017\/01\/Despatx-5-1.jpg\" data-orig-size=\"1200,1800\" data-comments-opened=\"0\" data-image-meta=\"{&quot;aperture&quot;:&quot;0&quot;,&quot;credit&quot;:&quot;&quot;,&quot;camera&quot;:&quot;&quot;,&quot;caption&quot;:&quot;&quot;,&quot;created_timestamp&quot;:&quot;0&quot;,&quot;copyright&quot;:&quot;&quot;,&quot;focal_length&quot;:&quot;0&quot;,&quot;iso&quot;:&quot;0&quot;,&quot;shutter_speed&quot;:&quot;0&quot;,&quot;title&quot;:&quot;&quot;,&quot;orientation&quot;:&quot;0&quot;}\" data-image-title=\"\" data-image-description=\"\" data-image-caption=\"\" data-large-file=\"https:\/\/www.masdeudesign.com\/wp-content\/uploads\/2017\/01\/Despatx-5-1.jpg\" \/>\n\t\t\t<\/dt><\/dl><br style=\"clear: both\" \/><dl class='gallery-item'>\n\t\t\t<dt class='gallery-icon portrait'>\n\t\t\t\t<img loading=\"lazy\" decoding=\"async\" width=\"300\" height=\"300\" src=\"https:\/\/www.masdeudesign.com\/wp-content\/uploads\/2017\/01\/Despatx-4-1-300x300.jpg\" class=\"attachment-thumbnail size-thumbnail\" alt=\"\" srcset=\"https:\/\/www.masdeudesign.com\/wp-content\/uploads\/2017\/01\/Despatx-4-1-300x300.jpg 300w, https:\/\/www.masdeudesign.com\/wp-content\/uploads\/2017\/01\/Despatx-4-1-50x50.jpg 50w\" sizes=\"auto, (max-width: 300px) 100vw, 300px\" data-attachment-id=\"883\" data-permalink=\"https:\/\/www.masdeudesign.com\/es\/portfolio\/despatx-sant-cugat\/despatx-4-2\/\" data-orig-file=\"https:\/\/www.masdeudesign.com\/wp-content\/uploads\/2017\/01\/Despatx-4-1.jpg\" data-orig-size=\"1350,1800\" data-comments-opened=\"0\" data-image-meta=\"{&quot;aperture&quot;:&quot;0&quot;,&quot;credit&quot;:&quot;&quot;,&quot;camera&quot;:&quot;&quot;,&quot;caption&quot;:&quot;&quot;,&quot;created_timestamp&quot;:&quot;0&quot;,&quot;copyright&quot;:&quot;&quot;,&quot;focal_length&quot;:&quot;0&quot;,&quot;iso&quot;:&quot;0&quot;,&quot;shutter_speed&quot;:&quot;0&quot;,&quot;title&quot;:&quot;&quot;,&quot;orientation&quot;:&quot;0&quot;}\" data-image-title=\"\" data-image-description=\"\" data-image-caption=\"\" data-large-file=\"https:\/\/www.masdeudesign.com\/wp-content\/uploads\/2017\/01\/Despatx-4-1.jpg\" \/>\n\t\t\t<\/dt><\/dl><dl class='gallery-item'>\n\t\t\t<dt class='gallery-icon portrait'>\n\t\t\t\t<img loading=\"lazy\" decoding=\"async\" width=\"300\" height=\"300\" src=\"https:\/\/www.masdeudesign.com\/wp-content\/uploads\/2017\/01\/Despatx-2-1-300x300.jpg\" class=\"attachment-thumbnail size-thumbnail\" alt=\"\" srcset=\"https:\/\/www.masdeudesign.com\/wp-content\/uploads\/2017\/01\/Despatx-2-1-300x300.jpg 300w, https:\/\/www.masdeudesign.com\/wp-content\/uploads\/2017\/01\/Despatx-2-1-50x50.jpg 50w\" sizes=\"auto, (max-width: 300px) 100vw, 300px\" data-attachment-id=\"881\" data-permalink=\"https:\/\/www.masdeudesign.com\/es\/portfolio\/despatx-sant-cugat\/despatx-2-2\/\" data-orig-file=\"https:\/\/www.masdeudesign.com\/wp-content\/uploads\/2017\/01\/Despatx-2-1.jpg\" data-orig-size=\"1200,1800\" data-comments-opened=\"0\" data-image-meta=\"{&quot;aperture&quot;:&quot;0&quot;,&quot;credit&quot;:&quot;&quot;,&quot;camera&quot;:&quot;&quot;,&quot;caption&quot;:&quot;&quot;,&quot;created_timestamp&quot;:&quot;0&quot;,&quot;copyright&quot;:&quot;&quot;,&quot;focal_length&quot;:&quot;0&quot;,&quot;iso&quot;:&quot;0&quot;,&quot;shutter_speed&quot;:&quot;0&quot;,&quot;title&quot;:&quot;&quot;,&quot;orientation&quot;:&quot;0&quot;}\" data-image-title=\"\" data-image-description=\"\" data-image-caption=\"\" data-large-file=\"https:\/\/www.masdeudesign.com\/wp-content\/uploads\/2017\/01\/Despatx-2-1.jpg\" \/>\n\t\t\t<\/dt><\/dl><dl class='gallery-item'>\n\t\t\t<dt class='gallery-icon portrait'>\n\t\t\t\t<img loading=\"lazy\" decoding=\"async\" width=\"300\" height=\"300\" src=\"https:\/\/www.masdeudesign.com\/wp-content\/uploads\/2017\/01\/Despatx-8-1-300x300.jpg\" class=\"attachment-thumbnail size-thumbnail\" alt=\"\" srcset=\"https:\/\/www.masdeudesign.com\/wp-content\/uploads\/2017\/01\/Despatx-8-1-300x300.jpg 300w, https:\/\/www.masdeudesign.com\/wp-content\/uploads\/2017\/01\/Despatx-8-1-50x50.jpg 50w\" sizes=\"auto, (max-width: 300px) 100vw, 300px\" data-attachment-id=\"886\" data-permalink=\"https:\/\/www.masdeudesign.com\/es\/portfolio\/despatx-sant-cugat\/despatx-8-2\/\" data-orig-file=\"https:\/\/www.masdeudesign.com\/wp-content\/uploads\/2017\/01\/Despatx-8-1.jpg\" data-orig-size=\"1272,1800\" data-comments-opened=\"0\" data-image-meta=\"{&quot;aperture&quot;:&quot;0&quot;,&quot;credit&quot;:&quot;&quot;,&quot;camera&quot;:&quot;&quot;,&quot;caption&quot;:&quot;&quot;,&quot;created_timestamp&quot;:&quot;0&quot;,&quot;copyright&quot;:&quot;&quot;,&quot;focal_length&quot;:&quot;0&quot;,&quot;iso&quot;:&quot;0&quot;,&quot;shutter_speed&quot;:&quot;0&quot;,&quot;title&quot;:&quot;&quot;,&quot;orientation&quot;:&quot;0&quot;}\" data-image-title=\"\" data-image-description=\"\" data-image-caption=\"\" data-large-file=\"https:\/\/www.masdeudesign.com\/wp-content\/uploads\/2017\/01\/Despatx-8-1.jpg\" \/>\n\t\t\t<\/dt><\/dl><dl class='gallery-item'>\n\t\t\t<dt class='gallery-icon landscape'>\n\t\t\t\t<img loading=\"lazy\" decoding=\"async\" width=\"300\" height=\"300\" src=\"https:\/\/www.masdeudesign.com\/wp-content\/uploads\/2017\/01\/Despatx-9-1-300x300.jpg\" class=\"attachment-thumbnail size-thumbnail\" alt=\"\" srcset=\"https:\/\/www.masdeudesign.com\/wp-content\/uploads\/2017\/01\/Despatx-9-1-300x300.jpg 300w, https:\/\/www.masdeudesign.com\/wp-content\/uploads\/2017\/01\/Despatx-9-1-50x50.jpg 50w\" sizes=\"auto, (max-width: 300px) 100vw, 300px\" data-attachment-id=\"887\" data-permalink=\"https:\/\/www.masdeudesign.com\/es\/portfolio\/despatx-sant-cugat\/despatx-9-2\/\" data-orig-file=\"https:\/\/www.masdeudesign.com\/wp-content\/uploads\/2017\/01\/Despatx-9-1.jpg\" data-orig-size=\"1800,1273\" data-comments-opened=\"0\" data-image-meta=\"{&quot;aperture&quot;:&quot;0&quot;,&quot;credit&quot;:&quot;&quot;,&quot;camera&quot;:&quot;&quot;,&quot;caption&quot;:&quot;&quot;,&quot;created_timestamp&quot;:&quot;0&quot;,&quot;copyright&quot;:&quot;&quot;,&quot;focal_length&quot;:&quot;0&quot;,&quot;iso&quot;:&quot;0&quot;,&quot;shutter_speed&quot;:&quot;0&quot;,&quot;title&quot;:&quot;&quot;,&quot;orientation&quot;:&quot;0&quot;}\" data-image-title=\"\" data-image-description=\"\" data-image-caption=\"\" data-large-file=\"https:\/\/www.masdeudesign.com\/wp-content\/uploads\/2017\/01\/Despatx-9-1.jpg\" \/>\n\t\t\t<\/dt><\/dl><br style=\"clear: both\" \/>\n\t\t<\/div>\n\n<\/div>\n<p><\/p>","protected":false},"excerpt":{"rendered":"<p>Cliente | Cliente Particular Superficie | 31,85m\u00b2 A\u00f1o | 2014 Ciudad | Sant Cugat del Vall\u00e8s Fot\u00f3grafo |\u00a0Mauricio Fuertes El objetivo era dise\u00f1ar un despacho en una vivienda particular siguiendo las siguientes pautas: poder trabajar frente al exterior, tener un espacio com\u00fan de trabajo para toda la familia pero que a la vez cada uno [&hellip;]<\/p>\n","protected":false},"author":1,"featured_media":268,"comment_status":"closed","ping_status":"closed","template":"","format":"standard","meta":{"footnotes":""},"jetpack-portfolio-type":[8],"jetpack-portfolio-tag":[],"class_list":["post-110","jetpack-portfolio","type-jetpack-portfolio","status-publish","format-standard","has-post-thumbnail","hentry","jetpack-portfolio-type-residencial_"],"jetpack_sharing_enabled":true,"_links":{"self":[{"href":"https:\/\/www.masdeudesign.com\/es\/wp-json\/wp\/v2\/jetpack-portfolio\/110","targetHints":{"allow":["GET"]}}],"collection":[{"href":"https:\/\/www.masdeudesign.com\/es\/wp-json\/wp\/v2\/jetpack-portfolio"}],"about":[{"href":"https:\/\/www.masdeudesign.com\/es\/wp-json\/wp\/v2\/types\/jetpack-portfolio"}],"author":[{"embeddable":true,"href":"https:\/\/www.masdeudesign.com\/es\/wp-json\/wp\/v2\/users\/1"}],"replies":[{"embeddable":true,"href":"https:\/\/www.masdeudesign.com\/es\/wp-json\/wp\/v2\/comments?post=110"}],"version-history":[{"count":3,"href":"https:\/\/www.masdeudesign.com\/es\/wp-json\/wp\/v2\/jetpack-portfolio\/110\/revisions"}],"predecessor-version":[{"id":1641,"href":"https:\/\/www.masdeudesign.com\/es\/wp-json\/wp\/v2\/jetpack-portfolio\/110\/revisions\/1641"}],"wp:featuredmedia":[{"embeddable":true,"href":"https:\/\/www.masdeudesign.com\/es\/wp-json\/wp\/v2\/media\/268"}],"wp:attachment":[{"href":"https:\/\/www.masdeudesign.com\/es\/wp-json\/wp\/v2\/media?parent=110"}],"wp:term":[{"taxonomy":"jetpack-portfolio-type","embeddable":true,"href":"https:\/\/www.masdeudesign.com\/es\/wp-json\/wp\/v2\/jetpack-portfolio-type?post=110"},{"taxonomy":"jetpack-portfolio-tag","embeddable":true,"href":"https:\/\/www.masdeudesign.com\/es\/wp-json\/wp\/v2\/jetpack-portfolio-tag?post=110"}],"curies":[{"name":"wp","href":"https:\/\/api.w.org\/{rel}","templated":true}]}}